{"id":17626,"date":"2020-12-08T19:18:00","date_gmt":"2020-12-08T22:18:00","guid":{"rendered":"https:\/\/ciencia.ufpr.br\/portal\/?page_id=17626"},"modified":"2026-07-10T10:43:43","modified_gmt":"2026-07-10T13:43:43","slug":"termos-de-uso","status":"publish","type":"page","link":"https:\/\/ciencia.ufpr.br\/portal\/termos-de-uso\/","title":{"rendered":"Termos de uso"},"content":{"rendered":"<h1><img loading=\"lazy\" decoding=\"async\" class=\"aligncenter size-large wp-image-17759\" src=\"https:\/\/ciencia.ufpr.br\/portal\/wp-content\/uploads\/2020\/12\/Envie_Pautas_1000x150-1024x112.png\" alt=\"\" width=\"810\" height=\"89\" srcset=\"https:\/\/ciencia.ufpr.br\/portal\/wp-content\/uploads\/2020\/12\/Envie_Pautas_1000x150-1024x112.png 1024w, https:\/\/ciencia.ufpr.br\/portal\/wp-content\/uploads\/2020\/12\/Envie_Pautas_1000x150-300x33.png 300w, https:\/\/ciencia.ufpr.br\/portal\/wp-content\/uploads\/2020\/12\/Envie_Pautas_1000x150-768x84.png 768w, https:\/\/ciencia.ufpr.br\/portal\/wp-content\/uploads\/2020\/12\/Envie_Pautas_1000x150.png 1368w\" sizes=\"(max-width: 810px) 100vw, 810px\" \/>Termos de uso<\/h1>\n<p>O conte\u00fado produzido pela Ci\u00eancia UFPR est\u00e1 dispon\u00edvel para uso pela m\u00eddia externa, seja como sugest\u00e3o de pauta, seja como material de ag\u00eancia, o que abre espa\u00e7o para ve\u00edculos, portais e produtores de conte\u00fado interessados em ci\u00eancia.<\/p>\n<h2>Como usar:<\/h2>\n<ul>\n<li class=\"font-claude-response-body whitespace-normal break-words pl-2\">Os textos podem ser reproduzidos na \u00edntegra, desde que citada a fonte (<em>Ci\u00eancia UFPR<\/em>) e, preferencialmente, o nome do autor.<\/li>\n<li class=\"font-claude-response-body whitespace-normal break-words pl-2\">As condi\u00e7\u00f5es seguem o mesmo padr\u00e3o de ag\u00eancias como a Ag\u00eancia Brasil e a Ag\u00eancia Fiocruz, garantindo transpar\u00eancia aos leitores e reconhecimento \u00e0 publica\u00e7\u00e3o original, que \u00e9 registrada com ISSN nas vers\u00f5es impressa e digital.<\/li>\n<li class=\"font-claude-response-body whitespace-normal break-words pl-2\">Fotografias, infogr\u00e1ficos e ilustra\u00e7\u00f5es creditados \u00e0 Sucom-UFPR tamb\u00e9m podem ser usados livremente, mantendo o cr\u00e9dito ao autor e \u00e0 origem (ex.: Nome\/Sucom-UFPR).<\/li>\n<li class=\"font-claude-response-body whitespace-normal break-words pl-2\">\u00c1udios e v\u00eddeos podem ser utilizados para fins jornal\u00edsticos, sempre com a devida men\u00e7\u00e3o \u00e0 fonte, salvo casos de material de terceiros, que seguem orienta\u00e7\u00f5es espec\u00edficas informadas pela equipe.<\/li>\n<\/ul>\n<h2>O que n\u00e3o se aplica:<\/h2>\n<ul>\n<li>Materiais publicados originalmente no Portal da UFPR (<a href=\"https:\/\/ufpr.br\/\" target=\"_blank\" rel=\"noopener\">www.ufpr.br<\/a>) e conte\u00fados da se\u00e7\u00e3o &#8220;Agenda&#8221; seguem crit\u00e9rios pr\u00f3prios.<\/li>\n<li>N\u00e3o incide regra para o uso como sugest\u00e3o de pauta, com conte\u00fado final baseado em apura\u00e7\u00e3o pr\u00f3pria.<\/li>\n<\/ul>\n<p>Consultas podem ser feitas aos e-mails <a href=\"mailto:revistaciencia@ufpr.br\">revistaciencia@ufpr.br<\/a>.<\/p>\n<p>Membro da comunidade da UFPR? Para sugerir pautas, acesse \u201c<a href=\"https:\/\/ciencia.ufpr.br\/portal\/envie-sua-pauta\/\">Sugira pautas<\/a>&#8220;. Para o envio de artigos de opini\u00e3o, favor acessar primeiramente os crit\u00e9rios em &#8220;<a href=\"https:\/\/ciencia.ufpr.br\/portal\/envie-artigos\/\">Submiss\u00f5es de artigos de opini\u00e3o<\/a>&#8220;.<\/p>\n<h2>Licen\u00e7a de uso<\/h2>\n<p><img decoding=\"async\" style=\"height: 22px!important; margin-left: 3px; vertical-align: text-bottom;\" src=\"https:\/\/mirrors.creativecommons.org\/presskit\/icons\/cc.svg?ref=chooser-v1\" \/><img decoding=\"async\" style=\"height: 22px!important; margin-left: 3px; vertical-align: text-bottom;\" src=\"https:\/\/mirrors.creativecommons.org\/presskit\/icons\/by.svg?ref=chooser-v1\" \/> <a href=\"https:\/\/creativecommons.org\/licenses\/by\/4.0\/\" target=\"_blank\" rel=\"noopener\">CC BY 4.0 DEED<\/a><\/p>\n","protected":false},"excerpt":{"rendered":"<p>Termos de uso O conte\u00fado produzido pela Ci\u00eancia UFPR est\u00e1 dispon\u00edvel para uso pela m\u00eddia externa, seja como sugest\u00e3o de&#8230;<\/p>\n","protected":false},"author":2801,"featured_media":0,"parent":0,"menu_order":0,"comment_status":"closed","ping_status":"closed","template":"page-templates\/right-sidebar.php","meta":{"_acf_changed":false,"footnotes":""},"acf":[],"yoast_head":"<!-- This site is optimized with the Yoast SEO plugin v23.5 - https:\/\/yoast.com\/wordpress\/plugins\/seo\/ -->\n<title>Termos de uso - Ci\u00eancia UFPR<\/title>\n<meta name=\"description\" content=\"Os textos podem ser reproduzidos na \u00edntegra, desde que citada a fonte (Ci\u00eancia UFPR) e, preferencialmente, o nome do autor.\" \/>\n<meta name=\"robots\" content=\"index, follow, max-snippet:-1, max-image-preview:large, max-video-preview:-1\" \/>\n<link rel=\"canonical\" href=\"https:\/\/ciencia.ufpr.br\/portal\/termos-de-uso\/\" \/>\n<meta property=\"og:locale\" content=\"pt_BR\" \/>\n<meta property=\"og:type\" content=\"article\" \/>\n<meta property=\"og:title\" content=\"Termos de uso - Ci\u00eancia UFPR\" \/>\n<meta property=\"og:description\" content=\"Os textos podem ser reproduzidos na \u00edntegra, desde que citada a fonte (Ci\u00eancia UFPR) e, preferencialmente, o nome do autor.\" \/>\n<meta property=\"og:url\" content=\"https:\/\/ciencia.ufpr.br\/portal\/termos-de-uso\/\" \/>\n<meta property=\"og:site_name\" content=\"Ci\u00eancia UFPR\" \/>\n<meta property=\"article:publisher\" content=\"https:\/\/www.facebook.com\/cienciaufproficial\" \/>\n<meta property=\"article:modified_time\" content=\"2026-07-10T13:43:43+00:00\" \/>\n<meta property=\"og:image\" content=\"https:\/\/ciencia.ufpr.br\/portal\/wp-content\/uploads\/2020\/12\/Revista-Ciencia-UFPR-vermelho.jpeg\" \/>\n\t<meta property=\"og:image:width\" content=\"992\" \/>\n\t<meta property=\"og:image:height\" content=\"714\" \/>\n\t<meta property=\"og:image:type\" content=\"image\/jpeg\" \/>\n<meta name=\"twitter:card\" content=\"summary_large_image\" \/>\n<meta name=\"twitter:image\" content=\"https:\/\/ciencia.ufpr.br\/portal\/wp-content\/uploads\/2020\/12\/Revista-Ciencia-UFPR-vermelho.jpeg\" \/>\n<meta name=\"twitter:site\" content=\"@cienciaufpr\" \/>\n<meta name=\"twitter:label1\" content=\"Est. tempo de leitura\" \/>\n\t<meta name=\"twitter:data1\" content=\"2 minutos\" \/>\n<script type=\"application\/ld+json\" class=\"yoast-schema-graph\">{\"@context\":\"https:\/\/schema.org\",\"@graph\":[{\"@type\":\"WebPage\",\"@id\":\"https:\/\/ciencia.ufpr.br\/portal\/termos-de-uso\/\",\"url\":\"https:\/\/ciencia.ufpr.br\/portal\/termos-de-uso\/\",\"name\":\"Termos de uso - Ci\u00eancia UFPR\",\"isPartOf\":{\"@id\":\"https:\/\/ciencia.ufpr.br\/portal\/#website\"},\"primaryImageOfPage\":{\"@id\":\"https:\/\/ciencia.ufpr.br\/portal\/termos-de-uso\/#primaryimage\"},\"image\":{\"@id\":\"https:\/\/ciencia.ufpr.br\/portal\/termos-de-uso\/#primaryimage\"},\"thumbnailUrl\":\"https:\/\/ciencia.ufpr.br\/portal\/wp-content\/uploads\/2020\/12\/Envie_Pautas_1000x150-1024x112.png\",\"datePublished\":\"2020-12-08T22:18:00+00:00\",\"dateModified\":\"2026-07-10T13:43:43+00:00\",\"description\":\"Os textos podem ser reproduzidos na \u00edntegra, desde que citada a fonte (Ci\u00eancia UFPR) e, preferencialmente, o nome do autor.\",\"breadcrumb\":{\"@id\":\"https:\/\/ciencia.ufpr.br\/portal\/termos-de-uso\/#breadcrumb\"},\"inLanguage\":\"pt-BR\",\"potentialAction\":[{\"@type\":\"ReadAction\",\"target\":[\"https:\/\/ciencia.ufpr.br\/portal\/termos-de-uso\/\"]}]},{\"@type\":\"ImageObject\",\"inLanguage\":\"pt-BR\",\"@id\":\"https:\/\/ciencia.ufpr.br\/portal\/termos-de-uso\/#primaryimage\",\"url\":\"https:\/\/ciencia.ufpr.br\/portal\/wp-content\/uploads\/2020\/12\/Envie_Pautas_1000x150.png\",\"contentUrl\":\"https:\/\/ciencia.ufpr.br\/portal\/wp-content\/uploads\/2020\/12\/Envie_Pautas_1000x150.png\",\"width\":1368,\"height\":150},{\"@type\":\"BreadcrumbList\",\"@id\":\"https:\/\/ciencia.ufpr.br\/portal\/termos-de-uso\/#breadcrumb\",\"itemListElement\":[{\"@type\":\"ListItem\",\"position\":1,\"name\":\"Home\",\"item\":\"https:\/\/ciencia.ufpr.br\/portal\/\"},{\"@type\":\"ListItem\",\"position\":2,\"name\":\"Termos de uso\"}]},{\"@type\":\"WebSite\",\"@id\":\"https:\/\/ciencia.ufpr.br\/portal\/#website\",\"url\":\"https:\/\/ciencia.ufpr.br\/portal\/\",\"name\":\"Ci\u00eancia UFPR\",\"description\":\"Site de temas cient\u00edficos com foco no conhecimento produzido na Universidade Federal do Paran\u00e1 (UFPR). Baseado na Revista Ci\u00eancia UFPR.\",\"publisher\":{\"@id\":\"https:\/\/ciencia.ufpr.br\/portal\/#organization\"},\"potentialAction\":[{\"@type\":\"SearchAction\",\"target\":{\"@type\":\"EntryPoint\",\"urlTemplate\":\"https:\/\/ciencia.ufpr.br\/portal\/?s={search_term_string}\"},\"query-input\":{\"@type\":\"PropertyValueSpecification\",\"valueRequired\":true,\"valueName\":\"search_term_string\"}}],\"inLanguage\":\"pt-BR\"},{\"@type\":\"Organization\",\"@id\":\"https:\/\/ciencia.ufpr.br\/portal\/#organization\",\"name\":\"Revista Ci\u00eancia UFPR\",\"url\":\"https:\/\/ciencia.ufpr.br\/portal\/\",\"logo\":{\"@type\":\"ImageObject\",\"inLanguage\":\"pt-BR\",\"@id\":\"https:\/\/ciencia.ufpr.br\/portal\/#\/schema\/logo\/image\/\",\"url\":\"https:\/\/ciencia.ufpr.br\/portal\/wp-content\/uploads\/2020\/12\/Revista-Ciencia-UFPR-vermelho.jpeg\",\"contentUrl\":\"https:\/\/ciencia.ufpr.br\/portal\/wp-content\/uploads\/2020\/12\/Revista-Ciencia-UFPR-vermelho.jpeg\",\"width\":992,\"height\":714,\"caption\":\"Revista Ci\u00eancia UFPR\"},\"image\":{\"@id\":\"https:\/\/ciencia.ufpr.br\/portal\/#\/schema\/logo\/image\/\"},\"sameAs\":[\"https:\/\/www.facebook.com\/cienciaufproficial\",\"https:\/\/x.com\/cienciaufpr\",\"https:\/\/www.instagram.com\/revistacienciaufpr\/\",\"https:\/\/www.linkedin.com\/company\/cienciaufproficial\",\"https:\/\/br.pinterest.com\/cienciaufpr\/\"]}]}<\/script>\n<!-- \/ Yoast SEO plugin. -->","yoast_head_json":{"title":"Termos de uso - Ci\u00eancia UFPR","description":"Os textos podem ser reproduzidos na \u00edntegra, desde que citada a fonte (Ci\u00eancia UFPR) e, preferencialmente, o nome do autor.","robots":{"index":"index","follow":"follow","max-snippet":"max-snippet:-1","max-image-preview":"max-image-preview:large","max-video-preview":"max-video-preview:-1"},"canonical":"https:\/\/ciencia.ufpr.br\/portal\/termos-de-uso\/","og_locale":"pt_BR","og_type":"article","og_title":"Termos de uso - Ci\u00eancia UFPR","og_description":"Os textos podem ser reproduzidos na \u00edntegra, desde que citada a fonte (Ci\u00eancia UFPR) e, preferencialmente, o nome do autor.","og_url":"https:\/\/ciencia.ufpr.br\/portal\/termos-de-uso\/","og_site_name":"Ci\u00eancia UFPR","article_publisher":"https:\/\/www.facebook.com\/cienciaufproficial","article_modified_time":"2026-07-10T13:43:43+00:00","og_image":[{"width":992,"height":714,"url":"https:\/\/ciencia.ufpr.br\/portal\/wp-content\/uploads\/2020\/12\/Revista-Ciencia-UFPR-vermelho.jpeg","type":"image\/jpeg"}],"twitter_card":"summary_large_image","twitter_image":"https:\/\/ciencia.ufpr.br\/portal\/wp-content\/uploads\/2020\/12\/Revista-Ciencia-UFPR-vermelho.jpeg","twitter_site":"@cienciaufpr","twitter_misc":{"Est. tempo de leitura":"2 minutos"},"schema":{"@context":"https:\/\/schema.org","@graph":[{"@type":"WebPage","@id":"https:\/\/ciencia.ufpr.br\/portal\/termos-de-uso\/","url":"https:\/\/ciencia.ufpr.br\/portal\/termos-de-uso\/","name":"Termos de uso - Ci\u00eancia UFPR","isPartOf":{"@id":"https:\/\/ciencia.ufpr.br\/portal\/#website"},"primaryImageOfPage":{"@id":"https:\/\/ciencia.ufpr.br\/portal\/termos-de-uso\/#primaryimage"},"image":{"@id":"https:\/\/ciencia.ufpr.br\/portal\/termos-de-uso\/#primaryimage"},"thumbnailUrl":"https:\/\/ciencia.ufpr.br\/portal\/wp-content\/uploads\/2020\/12\/Envie_Pautas_1000x150-1024x112.png","datePublished":"2020-12-08T22:18:00+00:00","dateModified":"2026-07-10T13:43:43+00:00","description":"Os textos podem ser reproduzidos na \u00edntegra, desde que citada a fonte (Ci\u00eancia UFPR) e, preferencialmente, o nome do autor.","breadcrumb":{"@id":"https:\/\/ciencia.ufpr.br\/portal\/termos-de-uso\/#breadcrumb"},"inLanguage":"pt-BR","potentialAction":[{"@type":"ReadAction","target":["https:\/\/ciencia.ufpr.br\/portal\/termos-de-uso\/"]}]},{"@type":"ImageObject","inLanguage":"pt-BR","@id":"https:\/\/ciencia.ufpr.br\/portal\/termos-de-uso\/#primaryimage","url":"https:\/\/ciencia.ufpr.br\/portal\/wp-content\/uploads\/2020\/12\/Envie_Pautas_1000x150.png","contentUrl":"https:\/\/ciencia.ufpr.br\/portal\/wp-content\/uploads\/2020\/12\/Envie_Pautas_1000x150.png","width":1368,"height":150},{"@type":"BreadcrumbList","@id":"https:\/\/ciencia.ufpr.br\/portal\/termos-de-uso\/#breadcrumb","itemListElement":[{"@type":"ListItem","position":1,"name":"Home","item":"https:\/\/ciencia.ufpr.br\/portal\/"},{"@type":"ListItem","position":2,"name":"Termos de uso"}]},{"@type":"WebSite","@id":"https:\/\/ciencia.ufpr.br\/portal\/#website","url":"https:\/\/ciencia.ufpr.br\/portal\/","name":"Ci\u00eancia UFPR","description":"Site de temas cient\u00edficos com foco no conhecimento produzido na Universidade Federal do Paran\u00e1 (UFPR). Baseado na Revista Ci\u00eancia UFPR.","publisher":{"@id":"https:\/\/ciencia.ufpr.br\/portal\/#organization"},"potentialAction":[{"@type":"SearchAction","target":{"@type":"EntryPoint","urlTemplate":"https:\/\/ciencia.ufpr.br\/portal\/?s={search_term_string}"},"query-input":{"@type":"PropertyValueSpecification","valueRequired":true,"valueName":"search_term_string"}}],"inLanguage":"pt-BR"},{"@type":"Organization","@id":"https:\/\/ciencia.ufpr.br\/portal\/#organization","name":"Revista Ci\u00eancia UFPR","url":"https:\/\/ciencia.ufpr.br\/portal\/","logo":{"@type":"ImageObject","inLanguage":"pt-BR","@id":"https:\/\/ciencia.ufpr.br\/portal\/#\/schema\/logo\/image\/","url":"https:\/\/ciencia.ufpr.br\/portal\/wp-content\/uploads\/2020\/12\/Revista-Ciencia-UFPR-vermelho.jpeg","contentUrl":"https:\/\/ciencia.ufpr.br\/portal\/wp-content\/uploads\/2020\/12\/Revista-Ciencia-UFPR-vermelho.jpeg","width":992,"height":714,"caption":"Revista Ci\u00eancia UFPR"},"image":{"@id":"https:\/\/ciencia.ufpr.br\/portal\/#\/schema\/logo\/image\/"},"sameAs":["https:\/\/www.facebook.com\/cienciaufproficial","https:\/\/x.com\/cienciaufpr","https:\/\/www.instagram.com\/revistacienciaufpr\/","https:\/\/www.linkedin.com\/company\/cienciaufproficial","https:\/\/br.pinterest.com\/cienciaufpr\/"]}]}},"jetpack_sharing_enabled":true,"_links":{"self":[{"href":"https:\/\/ciencia.ufpr.br\/portal\/wp-json\/wp\/v2\/pages\/17626"}],"collection":[{"href":"https:\/\/ciencia.ufpr.br\/portal\/wp-json\/wp\/v2\/pages"}],"about":[{"href":"https:\/\/ciencia.ufpr.br\/portal\/wp-json\/wp\/v2\/types\/page"}],"author":[{"embeddable":true,"href":"https:\/\/ciencia.ufpr.br\/portal\/wp-json\/wp\/v2\/users\/2801"}],"replies":[{"embeddable":true,"href":"https:\/\/ciencia.ufpr.br\/portal\/wp-json\/wp\/v2\/comments?post=17626"}],"version-history":[{"count":48,"href":"https:\/\/ciencia.ufpr.br\/portal\/wp-json\/wp\/v2\/pages\/17626\/revisions"}],"predecessor-version":[{"id":29593,"href":"https:\/\/ciencia.ufpr.br\/portal\/wp-json\/wp\/v2\/pages\/17626\/revisions\/29593"}],"wp:attachment":[{"href":"https:\/\/ciencia.ufpr.br\/portal\/wp-json\/wp\/v2\/media?parent=17626"}],"curies":[{"name":"wp","href":"https:\/\/api.w.org\/{rel}","templated":true}]}}