{"id":17594,"date":"2020-12-08T18:12:57","date_gmt":"2020-12-08T21:12:57","guid":{"rendered":"https:\/\/ciencia.ufpr.br\/portal\/?page_id=17594"},"modified":"2023-12-03T20:11:14","modified_gmt":"2023-12-03T23:11:14","slug":"politica-editorial","status":"publish","type":"page","link":"https:\/\/ciencia.ufpr.br\/portal\/politica-editorial\/","title":{"rendered":"Pol\u00edtica editorial"},"content":{"rendered":"<h1><img loading=\"lazy\" decoding=\"async\" class=\"aligncenter size-large wp-image-17759\" src=\"https:\/\/ciencia.ufpr.br\/portal\/wp-content\/uploads\/2020\/12\/Envie_Pautas_1000x150-1024x112.png\" alt=\"\" width=\"810\" height=\"89\" srcset=\"https:\/\/ciencia.ufpr.br\/portal\/wp-content\/uploads\/2020\/12\/Envie_Pautas_1000x150-1024x112.png 1024w, https:\/\/ciencia.ufpr.br\/portal\/wp-content\/uploads\/2020\/12\/Envie_Pautas_1000x150-300x33.png 300w, https:\/\/ciencia.ufpr.br\/portal\/wp-content\/uploads\/2020\/12\/Envie_Pautas_1000x150-768x84.png 768w, https:\/\/ciencia.ufpr.br\/portal\/wp-content\/uploads\/2020\/12\/Envie_Pautas_1000x150.png 1368w\" sizes=\"(max-width: 810px) 100vw, 810px\" \/>Pol\u00edtica editorial<\/h1>\n<p>Mantido pela Superintend\u00eancia de Comunica\u00e7\u00e3o (Sucom) da Universidade Federal do Paran\u00e1 (UFPR), o site <em>Ci\u00eancia UFPR<\/em> produz e seleciona conte\u00fado jornal\u00edstico sobre a produ\u00e7\u00e3o cient\u00edfica da UFPR de forma cont\u00ednua, com fechamentos de edi\u00e7\u00e3o a cada semana e compila\u00e7\u00e3o em edi\u00e7\u00f5es anuais.<\/p>\n<p>O site publica reportagens (em 11 grandes \u00e1reas), entrevistas e perfis de cientistas, sempre com foco na diversifica\u00e7\u00e3o dos suportes midi\u00e1ticos dentro do mesmo conte\u00fado (multimidialidade). Tamb\u00e9m disponibiliza artigos de opini\u00e3o e servi\u00e7o (agenda).<\/p>\n<h2>Objetivos<\/h2>\n<p>Os objetivos principais da publica\u00e7\u00e3o s\u00e3o: 1) fortalecimento da cultura cient\u00edfica no Brasil, por meio de amplia\u00e7\u00e3o da divulga\u00e7\u00e3o cient\u00edfica e do debate; e 2) aproxima\u00e7\u00e3o entre a UFPR e a sociedade.<\/p>\n<h2>P\u00fablico<\/h2>\n<p>O ve\u00edculo pensa o seu p\u00fablico alvo como um p\u00fablico \u201cinteressado\u201d, que procura saber e que l\u00ea sobre ci\u00eancia, ou que pode vir a ter essa postura se estimulado, mesmo que talvez n\u00e3o tenha conhecimentos espec\u00edficos nas \u00e1reas de conhecimento abordadas em cada reportagem. Da\u00ed a necessidade de linguagem e recursos que facilitem essa compreens\u00e3o.<\/p>\n<h2>Crit\u00e9rios<\/h2>\n<p>Os crit\u00e9rios da sele\u00e7\u00e3o de pautas (reportagens, entrevistas e perfis &#8220;<a href=\"https:\/\/ciencia.ufpr.br\/portal\/blog\/category\/ideias\/memoria\/\">Mem\u00f3ria<\/a>&#8220;) consideram interesse p\u00fablico (descrito como o que atende \u00e0 necessidade de informa\u00e7\u00e3o para promo\u00e7\u00e3o da cultura cient\u00edfica e de cidadania), impacto social e acad\u00eamico, e quesitos jornal\u00edsticos caracter\u00edsticos do formato &#8220;revista&#8221;, que trata de variedade de temas, aprofundamento e boas imagens.<\/p>\n<p>As reportagens tamb\u00e9m podem ser reunidas em s\u00e9ries tem\u00e1ticas que visam abranger \u00e1reas, assuntos ou p\u00fablicos espec\u00edficos. Leia mais sobre pautas em &#8220;<a style=\"background-color: #ffffff;\" href=\"https:\/\/ciencia.ufpr.br\/portal\/envie-sua-pauta\/\">Sugira pautas<\/a>&#8220;.<\/p>\n<p>Na escolha dos artigos, consideramos caracter\u00edsticas positivas do texto, principalmente relev\u00e2ncia do tema para o interesse do p\u00fablico em potencial da revista, n\u00edvel de informa\u00e7\u00e3o e ader\u00eancia com o tema de estudos do autor. Os crit\u00e9rios b\u00e1sicos est\u00e3o em &#8220;<a href=\"https:\/\/ciencia.ufpr.br\/portal\/envie-artigos\/\">Submiss\u00e3o de artigos<\/a>&#8220;.<\/p>\n<p>O conte\u00fado de &#8220;<a href=\"https:\/\/ciencia.ufpr.br\/portal\/blog\/category\/agenda\/\">Agenda<\/a>&#8221; \u00e9 pensado para informar estudantes e pesquisadores sobre grandes oportunidades na \u00e1rea cient\u00edfica. Sugest\u00f5es podem ser encaminhadas como em &#8220;<a href=\"https:\/\/ciencia.ufpr.br\/portal\/envie-sua-pauta\/\">Sugira pautas<\/a>&#8220;.<\/p>\n<p>A sele\u00e7\u00e3o de pautas\/artigos e da abordagem dos conte\u00fados da <em>Ci\u00eancia UFPR<\/em> \u00e9 baseada unicamente em princ\u00edpios t\u00e9cnicos e de relev\u00e2ncia social.<\/p>\n<h2>Modera\u00e7\u00e3o de coment\u00e1rios<\/h2>\n<p>Deixamos caixas de coment\u00e1rios abertas em todos os conte\u00fados, sem limite de tempo. Por meio delas, \u00e9 poss\u00edvel encaminhar d\u00favidas sobre o conte\u00fado, apontar eventuais erros e opinar sobre os temas.<\/p>\n<p>A <em>Ci\u00eancia UFPR<\/em> se reserva a tarefa de moderar coment\u00e1rios, a fim de que sigam regras essenciais: veda\u00e7\u00e3o a spam; respeito m\u00fatuo; direito \u00e0 privacidade; e contribui\u00e7\u00e3o informativa e de interesse p\u00fablico.<\/p>\n<p>Para mais informa\u00e7\u00f5es sobre o site (hist\u00f3rico, miss\u00e3o, vis\u00e3o e valores), leia &#8220;<a href=\"https:\/\/ciencia.ufpr.br\/portal\/sobre\/\">Apresenta\u00e7\u00e3o<\/a>&#8220;.<\/p>\n<p>Para entrar em contato, v\u00e1 em &#8220;<a href=\"https:\/\/ciencia.ufpr.br\/portal\/contato\/\">Contato<\/a>&#8220;.<\/p>\n","protected":false},"excerpt":{"rendered":"<p>Pol\u00edtica editorial Mantido pela Superintend\u00eancia de Comunica\u00e7\u00e3o (Sucom) da Universidade Federal do Paran\u00e1 (UFPR), o site Ci\u00eancia UFPR produz e&#8230;<\/p>\n","protected":false},"author":2801,"featured_media":0,"parent":0,"menu_order":0,"comment_status":"closed","ping_status":"closed","template":"page-templates\/right-sidebar.php","meta":{"_acf_changed":false,"footnotes":""},"acf":[],"yoast_head":"<!-- This site is optimized with the Yoast SEO plugin v23.5 - https:\/\/yoast.com\/wordpress\/plugins\/seo\/ -->\n<title>Pol\u00edtica editorial - Ci\u00eancia UFPR<\/title>\n<meta name=\"robots\" content=\"index, follow, max-snippet:-1, max-image-preview:large, max-video-preview:-1\" \/>\n<link rel=\"canonical\" href=\"https:\/\/ciencia.ufpr.br\/portal\/politica-editorial\/\" \/>\n<meta property=\"og:locale\" content=\"pt_BR\" \/>\n<meta property=\"og:type\" content=\"article\" \/>\n<meta property=\"og:title\" content=\"Pol\u00edtica editorial - Ci\u00eancia UFPR\" \/>\n<meta property=\"og:description\" content=\"Pol\u00edtica editorial Mantido pela Superintend\u00eancia de Comunica\u00e7\u00e3o (Sucom) da Universidade Federal do Paran\u00e1 (UFPR), o site Ci\u00eancia UFPR produz e...\" \/>\n<meta property=\"og:url\" content=\"https:\/\/ciencia.ufpr.br\/portal\/politica-editorial\/\" \/>\n<meta property=\"og:site_name\" content=\"Ci\u00eancia UFPR\" \/>\n<meta property=\"article:publisher\" content=\"https:\/\/www.facebook.com\/cienciaufproficial\" \/>\n<meta property=\"article:modified_time\" content=\"2023-12-03T23:11:14+00:00\" \/>\n<meta property=\"og:image\" content=\"https:\/\/ciencia.ufpr.br\/portal\/wp-content\/uploads\/2020\/11\/Revista-Ciencia-UFPR-azul-sem-branco.jpg\" \/>\n\t<meta property=\"og:image:width\" content=\"575\" \/>\n\t<meta property=\"og:image:height\" content=\"389\" \/>\n\t<meta property=\"og:image:type\" content=\"image\/jpeg\" \/>\n<meta name=\"twitter:card\" content=\"summary_large_image\" \/>\n<meta name=\"twitter:image\" content=\"https:\/\/ciencia.ufpr.br\/portal\/wp-content\/uploads\/2020\/11\/Revista-Ciencia-UFPR-azul-sem-branco.jpg\" \/>\n<meta name=\"twitter:site\" content=\"@cienciaufpr\" \/>\n<meta name=\"twitter:label1\" content=\"Est. tempo de leitura\" \/>\n\t<meta name=\"twitter:data1\" content=\"2 minutos\" \/>\n<script type=\"application\/ld+json\" class=\"yoast-schema-graph\">{\"@context\":\"https:\/\/schema.org\",\"@graph\":[{\"@type\":\"WebPage\",\"@id\":\"https:\/\/ciencia.ufpr.br\/portal\/politica-editorial\/\",\"url\":\"https:\/\/ciencia.ufpr.br\/portal\/politica-editorial\/\",\"name\":\"Pol\u00edtica editorial - Ci\u00eancia UFPR\",\"isPartOf\":{\"@id\":\"https:\/\/ciencia.ufpr.br\/portal\/#website\"},\"primaryImageOfPage\":{\"@id\":\"https:\/\/ciencia.ufpr.br\/portal\/politica-editorial\/#primaryimage\"},\"image\":{\"@id\":\"https:\/\/ciencia.ufpr.br\/portal\/politica-editorial\/#primaryimage\"},\"thumbnailUrl\":\"https:\/\/ciencia.ufpr.br\/portal\/wp-content\/uploads\/2020\/12\/Envie_Pautas_1000x150-1024x112.png\",\"datePublished\":\"2020-12-08T21:12:57+00:00\",\"dateModified\":\"2023-12-03T23:11:14+00:00\",\"breadcrumb\":{\"@id\":\"https:\/\/ciencia.ufpr.br\/portal\/politica-editorial\/#breadcrumb\"},\"inLanguage\":\"pt-BR\",\"potentialAction\":[{\"@type\":\"ReadAction\",\"target\":[\"https:\/\/ciencia.ufpr.br\/portal\/politica-editorial\/\"]}]},{\"@type\":\"ImageObject\",\"inLanguage\":\"pt-BR\",\"@id\":\"https:\/\/ciencia.ufpr.br\/portal\/politica-editorial\/#primaryimage\",\"url\":\"https:\/\/ciencia.ufpr.br\/portal\/wp-content\/uploads\/2020\/12\/Envie_Pautas_1000x150.png\",\"contentUrl\":\"https:\/\/ciencia.ufpr.br\/portal\/wp-content\/uploads\/2020\/12\/Envie_Pautas_1000x150.png\",\"width\":1368,\"height\":150},{\"@type\":\"BreadcrumbList\",\"@id\":\"https:\/\/ciencia.ufpr.br\/portal\/politica-editorial\/#breadcrumb\",\"itemListElement\":[{\"@type\":\"ListItem\",\"position\":1,\"name\":\"Home\",\"item\":\"https:\/\/ciencia.ufpr.br\/portal\/\"},{\"@type\":\"ListItem\",\"position\":2,\"name\":\"Pol\u00edtica editorial\"}]},{\"@type\":\"WebSite\",\"@id\":\"https:\/\/ciencia.ufpr.br\/portal\/#website\",\"url\":\"https:\/\/ciencia.ufpr.br\/portal\/\",\"name\":\"Ci\u00eancia UFPR\",\"description\":\"Site de temas cient\u00edficos com foco no conhecimento produzido na Universidade Federal do Paran\u00e1 (UFPR). Baseado na Revista Ci\u00eancia UFPR.\",\"publisher\":{\"@id\":\"https:\/\/ciencia.ufpr.br\/portal\/#organization\"},\"potentialAction\":[{\"@type\":\"SearchAction\",\"target\":{\"@type\":\"EntryPoint\",\"urlTemplate\":\"https:\/\/ciencia.ufpr.br\/portal\/?s={search_term_string}\"},\"query-input\":{\"@type\":\"PropertyValueSpecification\",\"valueRequired\":true,\"valueName\":\"search_term_string\"}}],\"inLanguage\":\"pt-BR\"},{\"@type\":\"Organization\",\"@id\":\"https:\/\/ciencia.ufpr.br\/portal\/#organization\",\"name\":\"Revista Ci\u00eancia UFPR\",\"url\":\"https:\/\/ciencia.ufpr.br\/portal\/\",\"logo\":{\"@type\":\"ImageObject\",\"inLanguage\":\"pt-BR\",\"@id\":\"https:\/\/ciencia.ufpr.br\/portal\/#\/schema\/logo\/image\/\",\"url\":\"https:\/\/ciencia.ufpr.br\/portal\/wp-content\/uploads\/2020\/12\/Revista-Ciencia-UFPR-vermelho.jpeg\",\"contentUrl\":\"https:\/\/ciencia.ufpr.br\/portal\/wp-content\/uploads\/2020\/12\/Revista-Ciencia-UFPR-vermelho.jpeg\",\"width\":992,\"height\":714,\"caption\":\"Revista Ci\u00eancia UFPR\"},\"image\":{\"@id\":\"https:\/\/ciencia.ufpr.br\/portal\/#\/schema\/logo\/image\/\"},\"sameAs\":[\"https:\/\/www.facebook.com\/cienciaufproficial\",\"https:\/\/x.com\/cienciaufpr\",\"https:\/\/www.instagram.com\/revistacienciaufpr\/\",\"https:\/\/www.linkedin.com\/company\/cienciaufproficial\",\"https:\/\/br.pinterest.com\/cienciaufpr\/\"]}]}<\/script>\n<!-- \/ Yoast SEO plugin. -->","yoast_head_json":{"title":"Pol\u00edtica editorial - Ci\u00eancia UFPR","robots":{"index":"index","follow":"follow","max-snippet":"max-snippet:-1","max-image-preview":"max-image-preview:large","max-video-preview":"max-video-preview:-1"},"canonical":"https:\/\/ciencia.ufpr.br\/portal\/politica-editorial\/","og_locale":"pt_BR","og_type":"article","og_title":"Pol\u00edtica editorial - Ci\u00eancia UFPR","og_description":"Pol\u00edtica editorial Mantido pela Superintend\u00eancia de Comunica\u00e7\u00e3o (Sucom) da Universidade Federal do Paran\u00e1 (UFPR), o site Ci\u00eancia UFPR produz e...","og_url":"https:\/\/ciencia.ufpr.br\/portal\/politica-editorial\/","og_site_name":"Ci\u00eancia UFPR","article_publisher":"https:\/\/www.facebook.com\/cienciaufproficial","article_modified_time":"2023-12-03T23:11:14+00:00","og_image":[{"width":575,"height":389,"url":"https:\/\/ciencia.ufpr.br\/portal\/wp-content\/uploads\/2020\/11\/Revista-Ciencia-UFPR-azul-sem-branco.jpg","type":"image\/jpeg"}],"twitter_card":"summary_large_image","twitter_image":"https:\/\/ciencia.ufpr.br\/portal\/wp-content\/uploads\/2020\/11\/Revista-Ciencia-UFPR-azul-sem-branco.jpg","twitter_site":"@cienciaufpr","twitter_misc":{"Est. tempo de leitura":"2 minutos"},"schema":{"@context":"https:\/\/schema.org","@graph":[{"@type":"WebPage","@id":"https:\/\/ciencia.ufpr.br\/portal\/politica-editorial\/","url":"https:\/\/ciencia.ufpr.br\/portal\/politica-editorial\/","name":"Pol\u00edtica editorial - Ci\u00eancia UFPR","isPartOf":{"@id":"https:\/\/ciencia.ufpr.br\/portal\/#website"},"primaryImageOfPage":{"@id":"https:\/\/ciencia.ufpr.br\/portal\/politica-editorial\/#primaryimage"},"image":{"@id":"https:\/\/ciencia.ufpr.br\/portal\/politica-editorial\/#primaryimage"},"thumbnailUrl":"https:\/\/ciencia.ufpr.br\/portal\/wp-content\/uploads\/2020\/12\/Envie_Pautas_1000x150-1024x112.png","datePublished":"2020-12-08T21:12:57+00:00","dateModified":"2023-12-03T23:11:14+00:00","breadcrumb":{"@id":"https:\/\/ciencia.ufpr.br\/portal\/politica-editorial\/#breadcrumb"},"inLanguage":"pt-BR","potentialAction":[{"@type":"ReadAction","target":["https:\/\/ciencia.ufpr.br\/portal\/politica-editorial\/"]}]},{"@type":"ImageObject","inLanguage":"pt-BR","@id":"https:\/\/ciencia.ufpr.br\/portal\/politica-editorial\/#primaryimage","url":"https:\/\/ciencia.ufpr.br\/portal\/wp-content\/uploads\/2020\/12\/Envie_Pautas_1000x150.png","contentUrl":"https:\/\/ciencia.ufpr.br\/portal\/wp-content\/uploads\/2020\/12\/Envie_Pautas_1000x150.png","width":1368,"height":150},{"@type":"BreadcrumbList","@id":"https:\/\/ciencia.ufpr.br\/portal\/politica-editorial\/#breadcrumb","itemListElement":[{"@type":"ListItem","position":1,"name":"Home","item":"https:\/\/ciencia.ufpr.br\/portal\/"},{"@type":"ListItem","position":2,"name":"Pol\u00edtica editorial"}]},{"@type":"WebSite","@id":"https:\/\/ciencia.ufpr.br\/portal\/#website","url":"https:\/\/ciencia.ufpr.br\/portal\/","name":"Ci\u00eancia UFPR","description":"Site de temas cient\u00edficos com foco no conhecimento produzido na Universidade Federal do Paran\u00e1 (UFPR). Baseado na Revista Ci\u00eancia UFPR.","publisher":{"@id":"https:\/\/ciencia.ufpr.br\/portal\/#organization"},"potentialAction":[{"@type":"SearchAction","target":{"@type":"EntryPoint","urlTemplate":"https:\/\/ciencia.ufpr.br\/portal\/?s={search_term_string}"},"query-input":{"@type":"PropertyValueSpecification","valueRequired":true,"valueName":"search_term_string"}}],"inLanguage":"pt-BR"},{"@type":"Organization","@id":"https:\/\/ciencia.ufpr.br\/portal\/#organization","name":"Revista Ci\u00eancia UFPR","url":"https:\/\/ciencia.ufpr.br\/portal\/","logo":{"@type":"ImageObject","inLanguage":"pt-BR","@id":"https:\/\/ciencia.ufpr.br\/portal\/#\/schema\/logo\/image\/","url":"https:\/\/ciencia.ufpr.br\/portal\/wp-content\/uploads\/2020\/12\/Revista-Ciencia-UFPR-vermelho.jpeg","contentUrl":"https:\/\/ciencia.ufpr.br\/portal\/wp-content\/uploads\/2020\/12\/Revista-Ciencia-UFPR-vermelho.jpeg","width":992,"height":714,"caption":"Revista Ci\u00eancia UFPR"},"image":{"@id":"https:\/\/ciencia.ufpr.br\/portal\/#\/schema\/logo\/image\/"},"sameAs":["https:\/\/www.facebook.com\/cienciaufproficial","https:\/\/x.com\/cienciaufpr","https:\/\/www.instagram.com\/revistacienciaufpr\/","https:\/\/www.linkedin.com\/company\/cienciaufproficial","https:\/\/br.pinterest.com\/cienciaufpr\/"]}]}},"jetpack_sharing_enabled":true,"_links":{"self":[{"href":"https:\/\/ciencia.ufpr.br\/portal\/wp-json\/wp\/v2\/pages\/17594"}],"collection":[{"href":"https:\/\/ciencia.ufpr.br\/portal\/wp-json\/wp\/v2\/pages"}],"about":[{"href":"https:\/\/ciencia.ufpr.br\/portal\/wp-json\/wp\/v2\/types\/page"}],"author":[{"embeddable":true,"href":"https:\/\/ciencia.ufpr.br\/portal\/wp-json\/wp\/v2\/users\/2801"}],"replies":[{"embeddable":true,"href":"https:\/\/ciencia.ufpr.br\/portal\/wp-json\/wp\/v2\/comments?post=17594"}],"version-history":[{"count":27,"href":"https:\/\/ciencia.ufpr.br\/portal\/wp-json\/wp\/v2\/pages\/17594\/revisions"}],"predecessor-version":[{"id":24578,"href":"https:\/\/ciencia.ufpr.br\/portal\/wp-json\/wp\/v2\/pages\/17594\/revisions\/24578"}],"wp:attachment":[{"href":"https:\/\/ciencia.ufpr.br\/portal\/wp-json\/wp\/v2\/media?parent=17594"}],"curies":[{"name":"wp","href":"https:\/\/api.w.org\/{rel}","templated":true}]}}