{"id":829,"date":"2023-03-13T16:59:54","date_gmt":"2023-03-13T19:59:54","guid":{"rendered":"https:\/\/ciencia.ufpr.br\/portal\/es\/?page_id=829"},"modified":"2023-11-17T17:57:15","modified_gmt":"2023-11-17T20:57:15","slug":"equipo","status":"publish","type":"page","link":"https:\/\/ciencia.ufpr.br\/portal\/es\/equipo\/","title":{"rendered":"Equipo"},"content":{"rendered":"<h5><strong>Editores<\/strong><br \/>\nCamille Bropp (Sucom)<br \/>\nRodrigo Choinski (Sucom)<\/h5>\n<h5><strong>Equipo de periodismo<\/strong><br \/>\nAline Fernandes Fran\u00e7a (Sucom)<br \/>\nCamille Bropp (Sucom)<br \/>\nJ\u00e9ssica Tokarski (Sucom)<br \/>\nRodrigo Choinski (Sucom)<\/h5>\n<h5><strong>Dise\u00f1o y logotipo<\/strong><br \/>\nMonica Ardjomand (Sucom)<\/h5>\n<h5><strong>Ilustraciones y headers<\/strong><br \/>\nMonica Ardjomand (Sucom)<br \/>\nRoberto Lagarto (Sucom)<\/h5>\n<h5><strong>Fotograf\u00eda<\/strong><br \/>\nMarcos Solivan (Sucom)<br \/>\nLeonardo Bettinelli (Sucom)<\/h5>\n<h5><strong>Dise\u00f1o gr\u00e1fico de la revista impresa<\/strong><br \/>\nMonica Ardjomand (Sucom)<\/h5>\n<h5><strong>Dise\u00f1o del sitio web<\/strong><br \/>\nWpthms (adaptado)<\/h5>\n<h5><strong>Coordinaci\u00f3n del equipo de traducci\u00f3n<\/strong><br \/>\nNylc\u00e9a Pedra (Labjor Ci\u00eancia\/Delem)<\/h5>\n<h5><strong>Traductores<br \/>\n<\/strong>Denis Maciel Pedroso<br \/>\nGabriel Onesko (Labjor Ci\u00eancia)<br \/>\nGiovana Torres Garc\u00eda<br \/>\nMatheus Camargo<br \/>\nMelissa Maciel Paiva<br \/>\nNadia Luciene Ziroldo (Labjor Ci\u00eancia)<br \/>\nNatalia Veronica Lemos<br \/>\nNylc\u00e9a Pedra (Labjor Ci\u00eancia)<br \/>\nPaloma dos Santos Schlemper<br \/>\nRebeca Cust\u00f3dio (Labjor Ci\u00eancia)<\/h5>\n<h5><strong>Podcast Bolet\u00edn UFPR<\/strong><br \/>\nAline Fernandes Fran\u00e7a (Sucom)<br \/>\nJ\u00e9ssica Tokarski (Sucom)<\/h5>\n<h5><strong>Colaboradores<\/strong><br \/>\nJo\u00e3o Cubas (Aspec)<br \/>\nRon Martinez (Capa)<br \/>\nSimone Meirelles (Sucom)<\/h5>\n<h5><strong>Asociaciones<\/strong><br \/>\nLabjor Ci\u00eancia (Laborat\u00f3rio de Jornalismo Cient\u00edfico e Comunica\u00e7\u00e3o P\u00fablica da UFPR)<br \/>\nDepartamento de Letras Estrangeiras Modernas (Delem)<\/h5>\n<h5><strong>Correspondencia y sugerencias<br \/>\n<\/strong>revistaciencia@ufpr.br<\/h5>\n<h5><strong>Frecuencia<\/strong><br \/>\nFlujo continuo<\/h5>\n<h5><strong>Direcci\u00f3n<\/strong><br \/>\nR. Dr. Faivre, 405 &#8211; Campus Reitoria da UFPR &#8211; Edif\u00edcio D. Pedro II &#8211; Centro, Curitiba\/PR<\/h5>\n<p style=\"text-align: center\">* * *<\/p>\n<h1><strong>Direcci\u00f3n UFPR (2021\/2024)<\/strong><\/h1>\n<h5><strong>Rector<\/strong><br \/>\nRicardo Marcelo Fonseca<\/h5>\n<h5><strong>Vicerrectora<\/strong><br \/>\nGraciela In\u00eas Bolz\u00f3n de Muniz<\/h5>\n<h5><strong>Prorrector de Administraci\u00f3n<\/strong><br \/>\nMarco Antonio Ribas Cavalieri<\/h5>\n<h5><strong>Prorrector de Asuntos Estudiantiles<br \/>\n<\/strong>Maria Rita de Assis Cesar<\/h5>\n<h5><strong>Prorrector de Cultura y Extensi\u00f3n<\/strong><br \/>\nRodrigo Arantes Reis<\/h5>\n<h5><strong>Prorrector de Ense\u00f1anza Universitaria y Profesional<br \/>\n<\/strong>Julio Gomes<\/h5>\n<h5><strong>Prorrector de Gesti\u00f3n de Personas<br \/>\n<\/strong>Douglas Ortiz Hamerm\u00fcller<\/h5>\n<h5><strong>Prorrector de Investigaci\u00f3n y Postgrado<\/strong><br \/>\nFrancisco de Assis Mendon\u00e7a<\/h5>\n<h5><strong>Prorrector de Planificaci\u00f3n, Presupuesto y Finanzas<\/strong><br \/>\nFernando Marinho Mezzadri<\/h5>\n<h5><strong>Jefe del Gabinete de la Rector\u00eda<\/strong><br \/>\nClaudete Reggiani<\/h5>\n<h5><strong>Superintendente de Asociaciones e innovaci\u00f3n<br \/>\n<\/strong>Amadeu Bona Filho<\/h5>\n<h5><strong>Superintendente del CHC<\/strong><br \/>\nClaudete Reggiani<\/h5>\n<h5><strong>Superintendente de Comunicaci\u00f3n (Sucom)<\/strong><br \/>\nCarlos Alberto Martins da Rocha<\/h5>\n<h5><strong>Superintendente de Inclusi\u00f3n, Pol\u00edticas Afirmativas y Diversidad<\/strong><br \/>\nPaulo Vin\u00edcius Baptista<\/h5>\n<h5><strong>Superintendente de Infraestructura<\/strong><br \/>\nS\u00e9rgio Michelotto Braga<\/h5>\n<h5><strong>Superintendente de Funpar<\/strong><br \/>\nTom\u00e1s Sparano Martins<\/h5>\n<h5><strong>Direcci\u00f3n de Desarrollo e Integraci\u00f3n de los campi avanzados<\/strong><br \/>\nRenato Bochicchio<\/h5>\n<h5><strong>Asesor de Relaciones Internacionales<\/strong><br \/>\nAndr\u00e9 de Macedo Duarte<\/h5>\n<h5><strong>Fiscal Jefe<br \/>\n<\/strong>Tiago Alves da Mota<\/h5>\n<h5><strong>Auditor\u00eda interna<\/strong><br \/>\nLuiz Eduardo Croesy Jenkins<\/h5>\n<h5><strong>Director de la Biblioteca Central<\/strong><br \/>\nDenis Uezu<\/h5>\n","protected":false},"excerpt":{"rendered":"<p>Editores Camille Bropp (Sucom) Rodrigo Choinski (Sucom) Equipo de periodismo Aline Fernandes Fran\u00e7a (Sucom) Camille Bropp (Sucom) J\u00e9ssica Tokarski (Sucom) Rodrigo Choinski (Sucom) Dise\u00f1o y logotipo Monica Ardjomand (Sucom) Ilustraciones&#8230;<\/p>\n","protected":false},"author":2801,"featured_media":0,"parent":0,"menu_order":0,"comment_status":"closed","ping_status":"closed","template":"","meta":{"_acf_changed":false,"footnotes":""},"acf":[],"yoast_head":"<!-- This site is optimized with the Yoast SEO plugin v23.5 - https:\/\/yoast.com\/wordpress\/plugins\/seo\/ -->\n<title>Equipo - Ci\u00eancia UFPR Edici\u00f3n en espa\u00f1ol<\/title>\n<meta name=\"robots\" content=\"index, follow, max-snippet:-1, max-image-preview:large, max-video-preview:-1\" \/>\n<link rel=\"canonical\" href=\"https:\/\/ciencia.ufpr.br\/portal\/es\/equipo\/\" \/>\n<meta property=\"og:locale\" content=\"es_ES\" \/>\n<meta property=\"og:type\" content=\"article\" \/>\n<meta property=\"og:title\" content=\"Equipo - Ci\u00eancia UFPR Edici\u00f3n en espa\u00f1ol\" \/>\n<meta property=\"og:description\" content=\"Editores Camille Bropp (Sucom) Rodrigo Choinski (Sucom) Equipo de periodismo Aline Fernandes Fran\u00e7a (Sucom) Camille Bropp (Sucom) J\u00e9ssica Tokarski (Sucom) Rodrigo Choinski (Sucom) Dise\u00f1o y logotipo Monica Ardjomand (Sucom) Ilustraciones...\" \/>\n<meta property=\"og:url\" content=\"https:\/\/ciencia.ufpr.br\/portal\/es\/equipo\/\" \/>\n<meta property=\"og:site_name\" content=\"Ci\u00eancia UFPR Edici\u00f3n en espa\u00f1ol\" \/>\n<meta property=\"article:modified_time\" content=\"2023-11-17T20:57:15+00:00\" \/>\n<meta name=\"twitter:card\" content=\"summary_large_image\" \/>\n<meta name=\"twitter:label1\" content=\"Tiempo de lectura\" \/>\n\t<meta name=\"twitter:data1\" content=\"2 minutos\" \/>\n<script type=\"application\/ld+json\" class=\"yoast-schema-graph\">{\"@context\":\"https:\/\/schema.org\",\"@graph\":[{\"@type\":\"WebPage\",\"@id\":\"https:\/\/ciencia.ufpr.br\/portal\/es\/equipo\/\",\"url\":\"https:\/\/ciencia.ufpr.br\/portal\/es\/equipo\/\",\"name\":\"Equipo - Ci\u00eancia UFPR Edici\u00f3n en espa\u00f1ol\",\"isPartOf\":{\"@id\":\"https:\/\/ciencia.ufpr.br\/portal\/es\/#website\"},\"datePublished\":\"2023-03-13T19:59:54+00:00\",\"dateModified\":\"2023-11-17T20:57:15+00:00\",\"breadcrumb\":{\"@id\":\"https:\/\/ciencia.ufpr.br\/portal\/es\/equipo\/#breadcrumb\"},\"inLanguage\":\"es\",\"potentialAction\":[{\"@type\":\"ReadAction\",\"target\":[\"https:\/\/ciencia.ufpr.br\/portal\/es\/equipo\/\"]}]},{\"@type\":\"BreadcrumbList\",\"@id\":\"https:\/\/ciencia.ufpr.br\/portal\/es\/equipo\/#breadcrumb\",\"itemListElement\":[{\"@type\":\"ListItem\",\"position\":1,\"name\":\"In\u00edcio\",\"item\":\"https:\/\/ciencia.ufpr.br\/portal\/es\/\"},{\"@type\":\"ListItem\",\"position\":2,\"name\":\"Equipo\"}]},{\"@type\":\"WebSite\",\"@id\":\"https:\/\/ciencia.ufpr.br\/portal\/es\/#website\",\"url\":\"https:\/\/ciencia.ufpr.br\/portal\/es\/\",\"name\":\"Ci\u00eancia UFPR Edici\u00f3n en espa\u00f1ol\",\"description\":\"Portal de periodismo y divulgaci\u00f3n cient\u00edfica sobre el conocimiento producido en la Universidad Federal de Paran\u00e1 (UFPR). Basado en revista Ciencia UFPR.\",\"potentialAction\":[{\"@type\":\"SearchAction\",\"target\":{\"@type\":\"EntryPoint\",\"urlTemplate\":\"https:\/\/ciencia.ufpr.br\/portal\/es\/?s={search_term_string}\"},\"query-input\":{\"@type\":\"PropertyValueSpecification\",\"valueRequired\":true,\"valueName\":\"search_term_string\"}}],\"inLanguage\":\"es\"}]}<\/script>\n<!-- \/ Yoast SEO plugin. -->","yoast_head_json":{"title":"Equipo - Ci\u00eancia UFPR Edici\u00f3n en espa\u00f1ol","robots":{"index":"index","follow":"follow","max-snippet":"max-snippet:-1","max-image-preview":"max-image-preview:large","max-video-preview":"max-video-preview:-1"},"canonical":"https:\/\/ciencia.ufpr.br\/portal\/es\/equipo\/","og_locale":"es_ES","og_type":"article","og_title":"Equipo - Ci\u00eancia UFPR Edici\u00f3n en espa\u00f1ol","og_description":"Editores Camille Bropp (Sucom) Rodrigo Choinski (Sucom) Equipo de periodismo Aline Fernandes Fran\u00e7a (Sucom) Camille Bropp (Sucom) J\u00e9ssica Tokarski (Sucom) Rodrigo Choinski (Sucom) Dise\u00f1o y logotipo Monica Ardjomand (Sucom) Ilustraciones...","og_url":"https:\/\/ciencia.ufpr.br\/portal\/es\/equipo\/","og_site_name":"Ci\u00eancia UFPR Edici\u00f3n en espa\u00f1ol","article_modified_time":"2023-11-17T20:57:15+00:00","twitter_card":"summary_large_image","twitter_misc":{"Tiempo de lectura":"2 minutos"},"schema":{"@context":"https:\/\/schema.org","@graph":[{"@type":"WebPage","@id":"https:\/\/ciencia.ufpr.br\/portal\/es\/equipo\/","url":"https:\/\/ciencia.ufpr.br\/portal\/es\/equipo\/","name":"Equipo - Ci\u00eancia UFPR Edici\u00f3n en espa\u00f1ol","isPartOf":{"@id":"https:\/\/ciencia.ufpr.br\/portal\/es\/#website"},"datePublished":"2023-03-13T19:59:54+00:00","dateModified":"2023-11-17T20:57:15+00:00","breadcrumb":{"@id":"https:\/\/ciencia.ufpr.br\/portal\/es\/equipo\/#breadcrumb"},"inLanguage":"es","potentialAction":[{"@type":"ReadAction","target":["https:\/\/ciencia.ufpr.br\/portal\/es\/equipo\/"]}]},{"@type":"BreadcrumbList","@id":"https:\/\/ciencia.ufpr.br\/portal\/es\/equipo\/#breadcrumb","itemListElement":[{"@type":"ListItem","position":1,"name":"In\u00edcio","item":"https:\/\/ciencia.ufpr.br\/portal\/es\/"},{"@type":"ListItem","position":2,"name":"Equipo"}]},{"@type":"WebSite","@id":"https:\/\/ciencia.ufpr.br\/portal\/es\/#website","url":"https:\/\/ciencia.ufpr.br\/portal\/es\/","name":"Ci\u00eancia UFPR Edici\u00f3n en espa\u00f1ol","description":"Portal de periodismo y divulgaci\u00f3n cient\u00edfica sobre el conocimiento producido en la Universidad Federal de Paran\u00e1 (UFPR). Basado en revista Ciencia UFPR.","potentialAction":[{"@type":"SearchAction","target":{"@type":"EntryPoint","urlTemplate":"https:\/\/ciencia.ufpr.br\/portal\/es\/?s={search_term_string}"},"query-input":{"@type":"PropertyValueSpecification","valueRequired":true,"valueName":"search_term_string"}}],"inLanguage":"es"}]}},"jetpack_sharing_enabled":true,"amp_enabled":true,"_links":{"self":[{"href":"https:\/\/ciencia.ufpr.br\/portal\/es\/wp-json\/wp\/v2\/pages\/829"}],"collection":[{"href":"https:\/\/ciencia.ufpr.br\/portal\/es\/wp-json\/wp\/v2\/pages"}],"about":[{"href":"https:\/\/ciencia.ufpr.br\/portal\/es\/wp-json\/wp\/v2\/types\/page"}],"author":[{"embeddable":true,"href":"https:\/\/ciencia.ufpr.br\/portal\/es\/wp-json\/wp\/v2\/users\/2801"}],"replies":[{"embeddable":true,"href":"https:\/\/ciencia.ufpr.br\/portal\/es\/wp-json\/wp\/v2\/comments?post=829"}],"version-history":[{"count":17,"href":"https:\/\/ciencia.ufpr.br\/portal\/es\/wp-json\/wp\/v2\/pages\/829\/revisions"}],"predecessor-version":[{"id":1504,"href":"https:\/\/ciencia.ufpr.br\/portal\/es\/wp-json\/wp\/v2\/pages\/829\/revisions\/1504"}],"wp:attachment":[{"href":"https:\/\/ciencia.ufpr.br\/portal\/es\/wp-json\/wp\/v2\/media?parent=829"}],"curies":[{"name":"wp","href":"https:\/\/api.w.org\/{rel}","templated":true}]}}