{"id":655,"date":"2023-01-25T18:40:41","date_gmt":"2023-01-25T21:40:41","guid":{"rendered":"https:\/\/ciencia.ufpr.br\/portal\/es\/?page_id=655"},"modified":"2024-02-05T17:35:13","modified_gmt":"2024-02-05T20:35:13","slug":"pagina-principal-v2","status":"publish","type":"page","link":"https:\/\/ciencia.ufpr.br\/portal\/es\/","title":{"rendered":"Ci\u00eancia UFPR &#8211; Edici\u00f3n en espa\u00f1ol"},"content":{"rendered":"<p>[vc_row][vc_column][vc_text_separator title=\u00bb(Versi\u00f3n de Prueba &#8211; Vers\u00e3o de testes)\u00bb][\/vc_column][\/vc_row][vc_row][vc_column offset=\u00bbvc_hidden-lg vc_hidden-md\u00bb]<section id=\"pbs-69f3076b0d096\" class=\"first-page pbs pbs-slider post-slider\" data-role=\"wrapper\" data-uid=\"pbs-69f3076b0d096\" data-width=\"\"><div class=\"pbs-inner\" data-role=\"inner\">\t\t\t<div class=\"pbs-content\" data-role=\"content\">\r\n\t\t\t\t\r\n\t\t\t<div class=\"flexslider pbs-slider slider \" data-settings=\"{&quot;animation&quot;:&quot;slide&quot;,&quot;slideshow&quot;:false,&quot;prevText&quot;:&quot;&lt;span&gt;&lt;i class=\\&quot;ti__angle-thin-left\\&quot;&gt;&lt;\\\/i&gt;&lt;\\\/span&gt;&quot;,&quot;nextText&quot;:&quot;&lt;span&gt;&lt;i class=\\&quot;ti__angle-thin-right\\&quot;&gt;&lt;\\\/i&gt;&lt;\\\/span&gt;&quot;,&quot;animationLoop&quot;:true,&quot;directionNav&quot;:true,&quot;controlNav&quot;:false}\">\r\n\t\t\t\t<ul class=\"slides\">\r\n\t\t\t\t\t\t<li data-thumb=\"https:\/\/ciencia.ufpr.br\/portal\/wp-content\/uploads\/2023\/01\/download-ilha-1536x864.jpeg\">\r\n\t\t\t\t<div class=\"pbs-bricks bricks-o-w pbs-bricks-single no-gaps\">\r\n\t\t\t\t\t<div class=\"bricks-i-w\">\r\n\t\t\t\t\t\t<div class=\"brick brick-o brick-portrait brick-lg col__full\">\r\n\t\t\t\t\t\t\t<div class=\"brick-i\">\r\n\t\t\t\t\t\t\t\t\t\t<article class=\"post-1684 post type-post status-publish format-standard has-post-thumbnail hentry category-actualidad category-galeria category-infografia category-medioambiente category-reportaje category-tierra tag-antropoceno tag-contaminacion tag-destacado tag-isla-de-trinidad tag-mar tag-oceanos tag-plastico tag-rocas-de-plastico tag-trinidad-y-martin-vaz hentry pbs-module pbs-module-brick brick-c\">\r\n\t\t\t\t\t\t<div class=\"brick-c-i \">\r\n\t\t\t\t\t\t\t\t<header class=\"entry-header brick-e-h\">\r\n\t\t\t\t\t\t\t\t\t\t<div class=\"entry-meta brick-e-m above\">\r\n\t\t\t\t\t\t<span class=\"cat-links meta-info\"><a href=\"https:\/\/ciencia.ufpr.br\/portal\/es\/category\/actualidad\/\" title=\"View all posts in Actualidad\" class=\"cat-link color-by-cat actualidad\">Actualidad<\/a><a href=\"https:\/\/ciencia.ufpr.br\/portal\/es\/category\/multimedia\/galeria\/\" title=\"View all posts in Galer\u00eda\" class=\"cat-link color-by-cat galeria\">Galer\u00eda<\/a><a href=\"https:\/\/ciencia.ufpr.br\/portal\/es\/category\/multimedia\/infografia\/\" title=\"View all posts in Infograf\u00eda\" class=\"cat-link color-by-cat infografia\">Infograf\u00eda<\/a><a href=\"https:\/\/ciencia.ufpr.br\/portal\/es\/category\/ciencias\/medioambiente\/\" title=\"View all posts in Medio Ambiente\" class=\"cat-link color-by-cat medioambiente\">Medio Ambiente<\/a><a href=\"https:\/\/ciencia.ufpr.br\/portal\/es\/category\/actualidad\/reportaje\/\" title=\"View all posts in Reportaje\" class=\"cat-link color-by-cat reportaje\">Reportaje<\/a><a href=\"https:\/\/ciencia.ufpr.br\/portal\/es\/category\/ciencias\/tierra\/\" title=\"View all posts in Tierra\" class=\"cat-link color-by-cat tierra\">Tierra<\/a><\/span>\t\t\t\t\t<\/div><!-- .entry-meta -->\r\n\t\t\t\t\t\r\n\t\t\t\t\t<h2 class=\"entry-title brick-e-t xs__h6 sm__h3 md__h1\"> Investigadores descubren rocas formadas por pl\u00e1stico en la Isla de Trinidad<\/h2>\t\t\t\t\t<div class=\"entry-meta brick-e-m below\">\r\n\t\t\t\t\t\t<span class=\"byline meta-info\">por <span class=\"author vcard\"><a class=\"url fn n\" href=\"https:\/\/ciencia.ufpr.br\/portal\/es\/author\/revistaciencia\/\">Revista Ci\u00eancia UFPR<\/a><\/span><\/span><span class=\"posted-on meta-info\"><time class=\"entry-date published\" datetime=\"2024-09-06T22:03:26-03:00\">6 de septiembre de 2024<\/time><time class=\"updated\" datetime=\"2024-09-06T22:46:44-03:00\">6 de septiembre de 2024<\/time><\/span>\t\t\t\t\t<\/div><!-- .entry-meta -->\r\n\t\t\t\t\t\r\n\t\t\t\t<\/header><!-- .entry-header -->\r\n\t\t\t\t\r\n\t\t\t\t\r\n\t\t\t<\/div>\r\n\r\n\t\t\t<div class=\"brick-bg post-thumbnail pbs_e-p-t\">\r\n\t\t\t\t<div class=\"thumb-w\"><img loading=\"lazy\" decoding=\"async\" width=\"1536\" height=\"864\" src=\"https:\/\/ciencia.ufpr.br\/portal\/wp-content\/uploads\/2023\/01\/download-ilha-1536x864.jpeg\" class=\"attachment-full size-full wp-post-image\" alt=\"Investigadores descubren rocas formadas por pl\u00e1stico en la Isla de Trinidad\" title=\"Investigadores descubren rocas formadas por pl\u00e1stico en la Isla de Trinidad\" \/><\/div>\r\n\t\t\t\t<span class=\"format-icon standard\"><\/span>\t\t\t<\/div>\r\n\r\n\t\t\t<a class=\"brick-url\" href=\"https:\/\/ciencia.ufpr.br\/portal\/es\/investigadores-descubren-rocas-formadas-por-plastico-en-la-isla-de-trinidad\/\" rel=\"bookmark\">\r\n\t\t\t\t<span class=\"screen-reader-text\">Investigadores descubren rocas formadas por pl\u00e1stico en la Isla de Trinidad<\/span>\t\t\t<\/a>\r\n\r\n\t\t\t\r\n\t\t<\/article>\r\n\t\t\t\t\t\t\t\t\t<\/div>\r\n\t\t\t\t\t\t<\/div>\r\n\t\t\t\t\t<\/div>\r\n\t\t\t\t<\/div>\r\n\t\t\t<\/li>\r\n\t\t\t\t\t\t<li data-thumb=\"https:\/\/ciencia.ufpr.br\/portal\/wp-content\/uploads\/2022\/06\/Ortigueira-11.jpg\">\r\n\t\t\t\t<div class=\"pbs-bricks bricks-o-w pbs-bricks-single no-gaps\">\r\n\t\t\t\t\t<div class=\"bricks-i-w\">\r\n\t\t\t\t\t\t<div class=\"brick brick-o brick-portrait brick-lg col__full\">\r\n\t\t\t\t\t\t\t<div class=\"brick-i\">\r\n\t\t\t\t\t\t\t\t\t\t<article class=\"post-928 post type-post status-publish format-standard has-post-thumbnail hentry category-galeria category-infografia category-multimedia category-reportaje category-tierra tag-164 tag-botanica tag-destacado tag-era-paleozoica tag-fosiles tag-geologia tag-gondwana tag-infografia tag-paleontologia tag-permico tag-prehistoria hentry pbs-module pbs-module-brick brick-c\">\r\n\t\t\t\t\t\t<div class=\"brick-c-i \">\r\n\t\t\t\t\t\t\t\t<header class=\"entry-header brick-e-h\">\r\n\t\t\t\t\t\t\t\t\t\t<div class=\"entry-meta brick-e-m above\">\r\n\t\t\t\t\t\t<span class=\"cat-links meta-info\"><a href=\"https:\/\/ciencia.ufpr.br\/portal\/es\/category\/multimedia\/galeria\/\" title=\"View all posts in Galer\u00eda\" class=\"cat-link color-by-cat galeria\">Galer\u00eda<\/a><a href=\"https:\/\/ciencia.ufpr.br\/portal\/es\/category\/multimedia\/infografia\/\" title=\"View all posts in Infograf\u00eda\" class=\"cat-link color-by-cat infografia\">Infograf\u00eda<\/a><a href=\"https:\/\/ciencia.ufpr.br\/portal\/es\/category\/multimedia\/\" title=\"View all posts in Multimedia\" class=\"cat-link color-by-cat multimedia\">Multimedia<\/a><a href=\"https:\/\/ciencia.ufpr.br\/portal\/es\/category\/actualidad\/reportaje\/\" title=\"View all posts in Reportaje\" class=\"cat-link color-by-cat reportaje\">Reportaje<\/a><a href=\"https:\/\/ciencia.ufpr.br\/portal\/es\/category\/ciencias\/tierra\/\" title=\"View all posts in Tierra\" class=\"cat-link color-by-cat tierra\">Tierra<\/a><\/span>\t\t\t\t\t<\/div><!-- .entry-meta -->\r\n\t\t\t\t\t\r\n\t\t\t\t\t<h2 class=\"entry-title brick-e-t xs__h6 sm__h3 md__h1\"> Investigadora de UFPR descubre bosque de 290 millones de a\u00f1os \u201ccongelado en el tiempo\u201d<\/h2>\t\t\t\t\t<div class=\"entry-meta brick-e-m below\">\r\n\t\t\t\t\t\t<span class=\"byline meta-info\">por <span class=\"author vcard\"><a class=\"url fn n\" href=\"https:\/\/ciencia.ufpr.br\/portal\/es\/author\/jessicatokarski\/\">J\u00e9ssica Tokarski<\/a><\/span><\/span><span class=\"posted-on meta-info\"><time class=\"entry-date published\" datetime=\"2022-06-15T19:48:17-03:00\">15 de junio de 2022<\/time><time class=\"updated\" datetime=\"2024-01-26T18:23:33-03:00\">26 de enero de 2024<\/time><\/span>\t\t\t\t\t<\/div><!-- .entry-meta -->\r\n\t\t\t\t\t\r\n\t\t\t\t<\/header><!-- .entry-header -->\r\n\t\t\t\t\r\n\t\t\t\t\r\n\t\t\t<\/div>\r\n\r\n\t\t\t<div class=\"brick-bg post-thumbnail pbs_e-p-t\">\r\n\t\t\t\t<div class=\"thumb-w\"><img loading=\"lazy\" decoding=\"async\" width=\"1920\" height=\"1080\" src=\"https:\/\/ciencia.ufpr.br\/portal\/wp-content\/uploads\/2022\/06\/Ortigueira-11.jpg\" class=\"attachment-full size-full wp-post-image\" alt=\"Investigadora de UFPR descubre bosque de 290 millones de a\u00f1os \u201ccongelado en el tiempo\u201d\" title=\"Investigadora de UFPR descubre bosque de 290 millones de a\u00f1os \u201ccongelado en el tiempo\u201d\" \/><\/div>\r\n\t\t\t\t<span class=\"format-icon standard\"><\/span>\t\t\t<\/div>\r\n\r\n\t\t\t<a class=\"brick-url\" href=\"https:\/\/ciencia.ufpr.br\/portal\/es\/investigadora-de-ufpr-descubre-bosque-de-290-millones-de-anos-congelado-en-el-tiempo\/\" rel=\"bookmark\">\r\n\t\t\t\t<span class=\"screen-reader-text\">Investigadora de UFPR descubre bosque de 290 millones de a\u00f1os \u201ccongelado en el tiempo\u201d<\/span>\t\t\t<\/a>\r\n\r\n\t\t\t\r\n\t\t<\/article>\r\n\t\t\t\t\t\t\t\t\t<\/div>\r\n\t\t\t\t\t\t<\/div>\r\n\t\t\t\t\t<\/div>\r\n\t\t\t\t<\/div>\r\n\t\t\t<\/li>\r\n\t\t\t\t\t\t<li data-thumb=\"https:\/\/ciencia.ufpr.br\/portal\/wp-content\/uploads\/2021\/09\/16x9-EDITADA-Femea-de-lobo-guara-no-inverno-no-SCBI-e1633658740985.jpg\">\r\n\t\t\t\t<div class=\"pbs-bricks bricks-o-w pbs-bricks-single no-gaps\">\r\n\t\t\t\t\t<div class=\"bricks-i-w\">\r\n\t\t\t\t\t\t<div class=\"brick brick-o brick-portrait brick-lg col__full\">\r\n\t\t\t\t\t\t\t<div class=\"brick-i\">\r\n\t\t\t\t\t\t\t\t\t\t<article class=\"post-918 post type-post status-publish format-standard has-post-thumbnail hentry category-biologicas category-innovacion category-medioambiente category-reportaje tag-164 tag-aguara-guazu tag-chrysocyon-brachyurus tag-destacado tag-savana-tropical hentry pbs-module pbs-module-brick brick-c\">\r\n\t\t\t\t\t\t<div class=\"brick-c-i \">\r\n\t\t\t\t\t\t\t\t<header class=\"entry-header brick-e-h\">\r\n\t\t\t\t\t\t\t\t\t\t<div class=\"entry-meta brick-e-m above\">\r\n\t\t\t\t\t\t<span class=\"cat-links meta-info\"><a href=\"https:\/\/ciencia.ufpr.br\/portal\/es\/category\/ciencias\/biologicas\/\" title=\"View all posts in Biol\u00f3gicas\" class=\"cat-link color-by-cat biologicas\">Biol\u00f3gicas<\/a><a href=\"https:\/\/ciencia.ufpr.br\/portal\/es\/category\/ciencias\/innovacion\/\" title=\"View all posts in Innovaci\u00f3n\" class=\"cat-link color-by-cat innovacion\">Innovaci\u00f3n<\/a><a href=\"https:\/\/ciencia.ufpr.br\/portal\/es\/category\/ciencias\/medioambiente\/\" title=\"View all posts in Medio Ambiente\" class=\"cat-link color-by-cat medioambiente\">Medio Ambiente<\/a><a href=\"https:\/\/ciencia.ufpr.br\/portal\/es\/category\/actualidad\/reportaje\/\" title=\"View all posts in Reportaje\" class=\"cat-link color-by-cat reportaje\">Reportaje<\/a><\/span>\t\t\t\t\t<\/div><!-- .entry-meta -->\r\n\t\t\t\t\t\r\n\t\t\t\t\t<h2 class=\"entry-title brick-e-t xs__h6 sm__h3 md__h1\"> Estudio registra y eval\u00faa patrones card\u00edacos del Aguar\u00e1 Guaz\u00fa en busca de la preservaci\u00f3n de la especie<\/h2>\t\t\t\t\t<div class=\"entry-meta brick-e-m below\">\r\n\t\t\t\t\t\t<span class=\"byline meta-info\">por <span class=\"author vcard\"><a class=\"url fn n\" href=\"https:\/\/ciencia.ufpr.br\/portal\/es\/author\/alinefernandes\/\">Aline Fernandes Fran\u00e7a<\/a><\/span><\/span><span class=\"posted-on meta-info\"><time class=\"entry-date published\" datetime=\"2021-09-22T15:34:37-03:00\">22 de septiembre de 2021<\/time><time class=\"updated\" datetime=\"2024-01-24T20:30:30-03:00\">24 de enero de 2024<\/time><\/span>\t\t\t\t\t<\/div><!-- .entry-meta -->\r\n\t\t\t\t\t\r\n\t\t\t\t<\/header><!-- .entry-header -->\r\n\t\t\t\t\r\n\t\t\t\t\r\n\t\t\t<\/div>\r\n\r\n\t\t\t<div class=\"brick-bg post-thumbnail pbs_e-p-t\">\r\n\t\t\t\t<div class=\"thumb-w\"><img loading=\"lazy\" decoding=\"async\" width=\"790\" height=\"442\" src=\"https:\/\/ciencia.ufpr.br\/portal\/wp-content\/uploads\/2021\/09\/16x9-EDITADA-Femea-de-lobo-guara-no-inverno-no-SCBI-e1633658740985.jpg\" class=\"attachment-full size-full wp-post-image\" alt=\"Estudio registra y eval\u00faa patrones card\u00edacos del Aguar\u00e1 Guaz\u00fa en busca de la preservaci\u00f3n de la especie\" title=\"Estudio registra y eval\u00faa patrones card\u00edacos del Aguar\u00e1 Guaz\u00fa en busca de la preservaci\u00f3n de la especie\" \/><\/div>\r\n\t\t\t\t<span class=\"format-icon standard\"><\/span>\t\t\t<\/div>\r\n\r\n\t\t\t<a class=\"brick-url\" href=\"https:\/\/ciencia.ufpr.br\/portal\/es\/estudio-registra-y-evalua-patrones-cardiacos-del-aguara-guazu-en-busca-de-la-preservacion-de-la-especie\/\" rel=\"bookmark\">\r\n\t\t\t\t<span class=\"screen-reader-text\">Estudio registra y eval\u00faa patrones card\u00edacos del Aguar\u00e1 Guaz\u00fa en busca de la preservaci\u00f3n de la especie<\/span>\t\t\t<\/a>\r\n\r\n\t\t\t\r\n\t\t<\/article>\r\n\t\t\t\t\t\t\t\t\t<\/div>\r\n\t\t\t\t\t\t<\/div>\r\n\t\t\t\t\t<\/div>\r\n\t\t\t\t<\/div>\r\n\t\t\t<\/li>\r\n\t\t\t\t\t\t<li data-thumb=\"https:\/\/ciencia.ufpr.br\/portal\/wp-content\/uploads\/2021\/06\/Claudio-Kirner-pixabay-tempestade-em-itajuba-storm-g00634e1fc_1920-m.png\">\r\n\t\t\t\t<div class=\"pbs-bricks bricks-o-w pbs-bricks-single no-gaps\">\r\n\t\t\t\t\t<div class=\"bricks-i-w\">\r\n\t\t\t\t\t\t<div class=\"brick brick-o brick-portrait brick-lg col__full\">\r\n\t\t\t\t\t\t\t<div class=\"brick-i\">\r\n\t\t\t\t\t\t\t\t\t\t<article class=\"post-913 post type-post status-publish format-standard has-post-thumbnail hentry category-exactas category-innovacion category-medioambiente category-reportaje category-tecnologia tag-164 tag-america-del-sur tag-clima tag-destacado tag-fisica tag-lluvias tag-madden-julian tag-manzones tag-meteorologia tag-prognostico-del-tiempo tag-prognotico-del-clima hentry pbs-module pbs-module-brick brick-c\">\r\n\t\t\t\t\t\t<div class=\"brick-c-i \">\r\n\t\t\t\t\t\t\t\t<header class=\"entry-header brick-e-h\">\r\n\t\t\t\t\t\t\t\t\t\t<div class=\"entry-meta brick-e-m above\">\r\n\t\t\t\t\t\t<span class=\"cat-links meta-info\"><a href=\"https:\/\/ciencia.ufpr.br\/portal\/es\/category\/ciencias\/exactas\/\" title=\"View all posts in Exactas\" class=\"cat-link color-by-cat exactas\">Exactas<\/a><a href=\"https:\/\/ciencia.ufpr.br\/portal\/es\/category\/ciencias\/innovacion\/\" title=\"View all posts in Innovaci\u00f3n\" class=\"cat-link color-by-cat innovacion\">Innovaci\u00f3n<\/a><a href=\"https:\/\/ciencia.ufpr.br\/portal\/es\/category\/ciencias\/medioambiente\/\" title=\"View all posts in Medio Ambiente\" class=\"cat-link color-by-cat medioambiente\">Medio Ambiente<\/a><a href=\"https:\/\/ciencia.ufpr.br\/portal\/es\/category\/actualidad\/reportaje\/\" title=\"View all posts in Reportaje\" class=\"cat-link color-by-cat reportaje\">Reportaje<\/a><a href=\"https:\/\/ciencia.ufpr.br\/portal\/es\/category\/ciencias\/tecnologia\/\" title=\"View all posts in Tecnolog\u00eda\" class=\"cat-link color-by-cat tecnologia\">Tecnolog\u00eda<\/a><\/span>\t\t\t\t\t<\/div><!-- .entry-meta -->\r\n\t\t\t\t\t\r\n\t\t\t\t\t<h2 class=\"entry-title brick-e-t xs__h6 sm__h3 md__h1\"> C\u00f3mo un nuevo m\u00e9todo mejora el pron\u00f3stico de las lluvias en Am\u00e9rica del Sur<\/h2>\t\t\t\t\t<div class=\"entry-meta brick-e-m below\">\r\n\t\t\t\t\t\t<span class=\"byline meta-info\">por <span class=\"author vcard\"><a class=\"url fn n\" href=\"https:\/\/ciencia.ufpr.br\/portal\/es\/author\/rodrigo-choinski\/\">Rodrigo Choinski<\/a><\/span><\/span><span class=\"posted-on meta-info\"><time class=\"entry-date published\" datetime=\"2021-06-15T20:02:34-03:00\">15 de junio de 2021<\/time><time class=\"updated\" datetime=\"2024-01-24T20:35:54-03:00\">24 de enero de 2024<\/time><\/span>\t\t\t\t\t<\/div><!-- .entry-meta -->\r\n\t\t\t\t\t\r\n\t\t\t\t<\/header><!-- .entry-header -->\r\n\t\t\t\t\r\n\t\t\t\t\r\n\t\t\t<\/div>\r\n\r\n\t\t\t<div class=\"brick-bg post-thumbnail pbs_e-p-t\">\r\n\t\t\t\t<div class=\"thumb-w\"><img loading=\"lazy\" decoding=\"async\" width=\"1920\" height=\"1080\" src=\"https:\/\/ciencia.ufpr.br\/portal\/wp-content\/uploads\/2021\/06\/Claudio-Kirner-pixabay-tempestade-em-itajuba-storm-g00634e1fc_1920-m.png\" class=\"attachment-full size-full wp-post-image\" alt=\"C\u00f3mo un nuevo m\u00e9todo mejora el pron\u00f3stico de las lluvias en Am\u00e9rica del Sur\" title=\"C\u00f3mo un nuevo m\u00e9todo mejora el pron\u00f3stico de las lluvias en Am\u00e9rica del Sur\" \/><\/div>\r\n\t\t\t\t<span class=\"format-icon standard\"><\/span>\t\t\t<\/div>\r\n\r\n\t\t\t<a class=\"brick-url\" href=\"https:\/\/ciencia.ufpr.br\/portal\/es\/como-un-nuevo-metodo-mejora-el-pronostico-de-las-lluvias-en-brasil\/\" rel=\"bookmark\">\r\n\t\t\t\t<span class=\"screen-reader-text\">C\u00f3mo un nuevo m\u00e9todo mejora el pron\u00f3stico de las lluvias en Am\u00e9rica del Sur<\/span>\t\t\t<\/a>\r\n\r\n\t\t\t\r\n\t\t<\/article>\r\n\t\t\t\t\t\t\t\t\t<\/div>\r\n\t\t\t\t\t\t<\/div>\r\n\t\t\t\t\t<\/div>\r\n\t\t\t\t<\/div>\r\n\t\t\t<\/li>\r\n\t\t\t\t\t\t\t<\/ul>\r\n\t\t\t<\/div>\r\n\t\t\t\r\n\t\t\t\t\t\t<\/div>\r\n\t\t\t<\/div><\/section><!--\/pbs-69f3076b0d096-->\r\n\t\t\t[\/vc_column][\/vc_row][vc_row full_width=\u00bbstretch_row_content\u00bb css=\u00bb.vc_custom_1627365645407{margin-top: 0px !important;margin-bottom: 20px !important;border-top-width: 0px !important;border-bottom-width: 0px !important;padding-bottom: 0px !important;}\u00bb][vc_column css=\u00bb.vc_custom_1706302599709{margin-top: 0px !important;margin-bottom: 0px !important;border-top-width: 0px !important;border-bottom-width: 0px !important;padding-top: 0px !important;padding-bottom: 0px !important;}\u00bb offset=\u00bbvc_hidden-sm vc_hidden-xs\u00bb]<section id=\"pbs-69f3076b17e9d\" class=\"first-page pbs pbs-slider post-slider\" data-role=\"wrapper\" data-uid=\"pbs-69f3076b17e9d\" data-width=\"\"><div class=\"pbs-inner\" data-role=\"inner\">\t\t\t<div class=\"pbs-content\" data-role=\"content\">\r\n\t\t\t\t\r\n\t\t\t<div class=\"flexslider pbs-slider slider \" data-settings=\"{&quot;animation&quot;:&quot;slide&quot;,&quot;slideshow&quot;:true,&quot;prevText&quot;:&quot;&lt;span&gt;&lt;i class=\\&quot;ti__angle-thin-left\\&quot;&gt;&lt;\\\/i&gt;&lt;\\\/span&gt;&quot;,&quot;nextText&quot;:&quot;&lt;span&gt;&lt;i class=\\&quot;ti__angle-thin-right\\&quot;&gt;&lt;\\\/i&gt;&lt;\\\/span&gt;&quot;,&quot;animationLoop&quot;:true,&quot;directionNav&quot;:true,&quot;controlNav&quot;:false}\">\r\n\t\t\t\t<ul class=\"slides\">\r\n\t\t\t\t\t\t<li data-thumb=\"https:\/\/ciencia.ufpr.br\/portal\/wp-content\/uploads\/2023\/01\/download-ilha-1536x864.jpeg\">\r\n\t\t\t\t<div class=\"pbs-bricks bricks-o-w pbs-bricks-single no-gaps\">\r\n\t\t\t\t\t<div class=\"bricks-i-w\">\r\n\t\t\t\t\t\t<div class=\"brick brick-o brick-uwide brick-lg col__full\">\r\n\t\t\t\t\t\t\t<div class=\"brick-i\">\r\n\t\t\t\t\t\t\t\t\t\t<article class=\"post-1684 post type-post status-publish format-standard has-post-thumbnail hentry category-actualidad category-galeria category-infografia category-medioambiente category-reportaje category-tierra tag-antropoceno tag-contaminacion tag-destacado tag-isla-de-trinidad tag-mar tag-oceanos tag-plastico tag-rocas-de-plastico tag-trinidad-y-martin-vaz hentry pbs-module pbs-module-brick brick-c\">\r\n\t\t\t\t\t\t<div class=\"brick-c-i \">\r\n\t\t\t\t\t\t\t\t<header class=\"entry-header brick-e-h\">\r\n\t\t\t\t\t\t\t\t\t\t<div class=\"entry-meta brick-e-m above\">\r\n\t\t\t\t\t\t<span class=\"cat-links meta-info\"><a href=\"https:\/\/ciencia.ufpr.br\/portal\/es\/category\/actualidad\/\" title=\"View all posts in Actualidad\" class=\"cat-link color-by-cat actualidad\">Actualidad<\/a><a href=\"https:\/\/ciencia.ufpr.br\/portal\/es\/category\/multimedia\/galeria\/\" title=\"View all posts in Galer\u00eda\" class=\"cat-link color-by-cat galeria\">Galer\u00eda<\/a><a href=\"https:\/\/ciencia.ufpr.br\/portal\/es\/category\/multimedia\/infografia\/\" title=\"View all posts in Infograf\u00eda\" class=\"cat-link color-by-cat infografia\">Infograf\u00eda<\/a><a href=\"https:\/\/ciencia.ufpr.br\/portal\/es\/category\/ciencias\/medioambiente\/\" title=\"View all posts in Medio Ambiente\" class=\"cat-link color-by-cat medioambiente\">Medio Ambiente<\/a><a href=\"https:\/\/ciencia.ufpr.br\/portal\/es\/category\/actualidad\/reportaje\/\" title=\"View all posts in Reportaje\" class=\"cat-link color-by-cat reportaje\">Reportaje<\/a><a href=\"https:\/\/ciencia.ufpr.br\/portal\/es\/category\/ciencias\/tierra\/\" title=\"View all posts in Tierra\" class=\"cat-link color-by-cat tierra\">Tierra<\/a><\/span>\t\t\t\t\t<\/div><!-- .entry-meta -->\r\n\t\t\t\t\t\r\n\t\t\t\t\t<h2 class=\"entry-title brick-e-t xs__h6 sm__h3 md__h1\"> Investigadores descubren rocas formadas por pl\u00e1stico en la Isla de Trinidad<\/h2>\t\t\t\t\t<div class=\"entry-meta brick-e-m below\">\r\n\t\t\t\t\t\t<span class=\"byline meta-info\">por <span class=\"author vcard\"><a class=\"url fn n\" href=\"https:\/\/ciencia.ufpr.br\/portal\/es\/author\/revistaciencia\/\">Revista Ci\u00eancia UFPR<\/a><\/span><\/span><span class=\"posted-on meta-info\"><time class=\"entry-date published\" datetime=\"2024-09-06T22:03:26-03:00\">6 de septiembre de 2024<\/time><time class=\"updated\" datetime=\"2024-09-06T22:46:44-03:00\">6 de septiembre de 2024<\/time><\/span>\t\t\t\t\t<\/div><!-- .entry-meta -->\r\n\t\t\t\t\t\r\n\t\t\t\t<\/header><!-- .entry-header -->\r\n\t\t\t\t\r\n\t\t\t\t\r\n\t\t\t<\/div>\r\n\r\n\t\t\t<div class=\"brick-bg post-thumbnail pbs_e-p-t\">\r\n\t\t\t\t<div class=\"thumb-w\"><img loading=\"lazy\" decoding=\"async\" width=\"1536\" height=\"864\" src=\"https:\/\/ciencia.ufpr.br\/portal\/wp-content\/uploads\/2023\/01\/download-ilha-1536x864.jpeg\" class=\"attachment-post-thumbnail size-post-thumbnail wp-post-image\" alt=\"Investigadores descubren rocas formadas por pl\u00e1stico en la Isla de Trinidad\" title=\"Investigadores descubren rocas formadas por pl\u00e1stico en la Isla de Trinidad\" \/><\/div>\r\n\t\t\t\t<span class=\"format-icon standard\"><\/span>\t\t\t<\/div>\r\n\r\n\t\t\t<a class=\"brick-url\" href=\"https:\/\/ciencia.ufpr.br\/portal\/es\/investigadores-descubren-rocas-formadas-por-plastico-en-la-isla-de-trinidad\/\" rel=\"bookmark\">\r\n\t\t\t\t<span class=\"screen-reader-text\">Investigadores descubren rocas formadas por pl\u00e1stico en la Isla de Trinidad<\/span>\t\t\t<\/a>\r\n\r\n\t\t\t\r\n\t\t<\/article>\r\n\t\t\t\t\t\t\t\t\t<\/div>\r\n\t\t\t\t\t\t<\/div>\r\n\t\t\t\t\t<\/div>\r\n\t\t\t\t<\/div>\r\n\t\t\t<\/li>\r\n\t\t\t\t\t\t<li data-thumb=\"https:\/\/ciencia.ufpr.br\/portal\/wp-content\/uploads\/2022\/06\/Ortigueira-11.jpg\">\r\n\t\t\t\t<div class=\"pbs-bricks bricks-o-w pbs-bricks-single no-gaps\">\r\n\t\t\t\t\t<div class=\"bricks-i-w\">\r\n\t\t\t\t\t\t<div class=\"brick brick-o brick-uwide brick-lg col__full\">\r\n\t\t\t\t\t\t\t<div class=\"brick-i\">\r\n\t\t\t\t\t\t\t\t\t\t<article class=\"post-928 post type-post status-publish format-standard has-post-thumbnail hentry category-galeria category-infografia category-multimedia category-reportaje category-tierra tag-164 tag-botanica tag-destacado tag-era-paleozoica tag-fosiles tag-geologia tag-gondwana tag-infografia tag-paleontologia tag-permico tag-prehistoria hentry pbs-module pbs-module-brick brick-c\">\r\n\t\t\t\t\t\t<div class=\"brick-c-i \">\r\n\t\t\t\t\t\t\t\t<header class=\"entry-header brick-e-h\">\r\n\t\t\t\t\t\t\t\t\t\t<div class=\"entry-meta brick-e-m above\">\r\n\t\t\t\t\t\t<span class=\"cat-links meta-info\"><a href=\"https:\/\/ciencia.ufpr.br\/portal\/es\/category\/multimedia\/galeria\/\" title=\"View all posts in Galer\u00eda\" class=\"cat-link color-by-cat galeria\">Galer\u00eda<\/a><a href=\"https:\/\/ciencia.ufpr.br\/portal\/es\/category\/multimedia\/infografia\/\" title=\"View all posts in Infograf\u00eda\" class=\"cat-link color-by-cat infografia\">Infograf\u00eda<\/a><a href=\"https:\/\/ciencia.ufpr.br\/portal\/es\/category\/multimedia\/\" title=\"View all posts in Multimedia\" class=\"cat-link color-by-cat multimedia\">Multimedia<\/a><a href=\"https:\/\/ciencia.ufpr.br\/portal\/es\/category\/actualidad\/reportaje\/\" title=\"View all posts in Reportaje\" class=\"cat-link color-by-cat reportaje\">Reportaje<\/a><a href=\"https:\/\/ciencia.ufpr.br\/portal\/es\/category\/ciencias\/tierra\/\" title=\"View all posts in Tierra\" class=\"cat-link color-by-cat tierra\">Tierra<\/a><\/span>\t\t\t\t\t<\/div><!-- .entry-meta -->\r\n\t\t\t\t\t\r\n\t\t\t\t\t<h2 class=\"entry-title brick-e-t xs__h6 sm__h3 md__h1\"> Investigadora de UFPR descubre bosque de 290 millones de a\u00f1os \u201ccongelado en el tiempo\u201d<\/h2>\t\t\t\t\t<div class=\"entry-meta brick-e-m below\">\r\n\t\t\t\t\t\t<span class=\"byline meta-info\">por <span class=\"author vcard\"><a class=\"url fn n\" href=\"https:\/\/ciencia.ufpr.br\/portal\/es\/author\/jessicatokarski\/\">J\u00e9ssica Tokarski<\/a><\/span><\/span><span class=\"posted-on meta-info\"><time class=\"entry-date published\" datetime=\"2022-06-15T19:48:17-03:00\">15 de junio de 2022<\/time><time class=\"updated\" datetime=\"2024-01-26T18:23:33-03:00\">26 de enero de 2024<\/time><\/span>\t\t\t\t\t<\/div><!-- .entry-meta -->\r\n\t\t\t\t\t\r\n\t\t\t\t<\/header><!-- .entry-header -->\r\n\t\t\t\t\r\n\t\t\t\t\r\n\t\t\t<\/div>\r\n\r\n\t\t\t<div class=\"brick-bg post-thumbnail pbs_e-p-t\">\r\n\t\t\t\t<div class=\"thumb-w\"><img loading=\"lazy\" decoding=\"async\" width=\"1920\" height=\"1080\" src=\"https:\/\/ciencia.ufpr.br\/portal\/wp-content\/uploads\/2022\/06\/Ortigueira-11.jpg\" class=\"attachment-post-thumbnail size-post-thumbnail wp-post-image\" alt=\"Investigadora de UFPR descubre bosque de 290 millones de a\u00f1os \u201ccongelado en el tiempo\u201d\" title=\"Investigadora de UFPR descubre bosque de 290 millones de a\u00f1os \u201ccongelado en el tiempo\u201d\" \/><\/div>\r\n\t\t\t\t<span class=\"format-icon standard\"><\/span>\t\t\t<\/div>\r\n\r\n\t\t\t<a class=\"brick-url\" href=\"https:\/\/ciencia.ufpr.br\/portal\/es\/investigadora-de-ufpr-descubre-bosque-de-290-millones-de-anos-congelado-en-el-tiempo\/\" rel=\"bookmark\">\r\n\t\t\t\t<span class=\"screen-reader-text\">Investigadora de UFPR descubre bosque de 290 millones de a\u00f1os \u201ccongelado en el tiempo\u201d<\/span>\t\t\t<\/a>\r\n\r\n\t\t\t\r\n\t\t<\/article>\r\n\t\t\t\t\t\t\t\t\t<\/div>\r\n\t\t\t\t\t\t<\/div>\r\n\t\t\t\t\t<\/div>\r\n\t\t\t\t<\/div>\r\n\t\t\t<\/li>\r\n\t\t\t\t\t\t<li data-thumb=\"https:\/\/ciencia.ufpr.br\/portal\/wp-content\/uploads\/2021\/09\/16x9-EDITADA-Femea-de-lobo-guara-no-inverno-no-SCBI-e1633658740985.jpg\">\r\n\t\t\t\t<div class=\"pbs-bricks bricks-o-w pbs-bricks-single no-gaps\">\r\n\t\t\t\t\t<div class=\"bricks-i-w\">\r\n\t\t\t\t\t\t<div class=\"brick brick-o brick-uwide brick-lg col__full\">\r\n\t\t\t\t\t\t\t<div class=\"brick-i\">\r\n\t\t\t\t\t\t\t\t\t\t<article class=\"post-918 post type-post status-publish format-standard has-post-thumbnail hentry category-biologicas category-innovacion category-medioambiente category-reportaje tag-164 tag-aguara-guazu tag-chrysocyon-brachyurus tag-destacado tag-savana-tropical hentry pbs-module pbs-module-brick brick-c\">\r\n\t\t\t\t\t\t<div class=\"brick-c-i \">\r\n\t\t\t\t\t\t\t\t<header class=\"entry-header brick-e-h\">\r\n\t\t\t\t\t\t\t\t\t\t<div class=\"entry-meta brick-e-m above\">\r\n\t\t\t\t\t\t<span class=\"cat-links meta-info\"><a href=\"https:\/\/ciencia.ufpr.br\/portal\/es\/category\/ciencias\/biologicas\/\" title=\"View all posts in Biol\u00f3gicas\" class=\"cat-link color-by-cat biologicas\">Biol\u00f3gicas<\/a><a href=\"https:\/\/ciencia.ufpr.br\/portal\/es\/category\/ciencias\/innovacion\/\" title=\"View all posts in Innovaci\u00f3n\" class=\"cat-link color-by-cat innovacion\">Innovaci\u00f3n<\/a><a href=\"https:\/\/ciencia.ufpr.br\/portal\/es\/category\/ciencias\/medioambiente\/\" title=\"View all posts in Medio Ambiente\" class=\"cat-link color-by-cat medioambiente\">Medio Ambiente<\/a><a href=\"https:\/\/ciencia.ufpr.br\/portal\/es\/category\/actualidad\/reportaje\/\" title=\"View all posts in Reportaje\" class=\"cat-link color-by-cat reportaje\">Reportaje<\/a><\/span>\t\t\t\t\t<\/div><!-- .entry-meta -->\r\n\t\t\t\t\t\r\n\t\t\t\t\t<h2 class=\"entry-title brick-e-t xs__h6 sm__h3 md__h1\"> Estudio registra y eval\u00faa patrones card\u00edacos del Aguar\u00e1 Guaz\u00fa en busca de la preservaci\u00f3n de la especie<\/h2>\t\t\t\t\t<div class=\"entry-meta brick-e-m below\">\r\n\t\t\t\t\t\t<span class=\"byline meta-info\">por <span class=\"author vcard\"><a class=\"url fn n\" href=\"https:\/\/ciencia.ufpr.br\/portal\/es\/author\/alinefernandes\/\">Aline Fernandes Fran\u00e7a<\/a><\/span><\/span><span class=\"posted-on meta-info\"><time class=\"entry-date published\" datetime=\"2021-09-22T15:34:37-03:00\">22 de septiembre de 2021<\/time><time class=\"updated\" datetime=\"2024-01-24T20:30:30-03:00\">24 de enero de 2024<\/time><\/span>\t\t\t\t\t<\/div><!-- .entry-meta -->\r\n\t\t\t\t\t\r\n\t\t\t\t<\/header><!-- .entry-header -->\r\n\t\t\t\t\r\n\t\t\t\t\r\n\t\t\t<\/div>\r\n\r\n\t\t\t<div class=\"brick-bg post-thumbnail pbs_e-p-t\">\r\n\t\t\t\t<div class=\"thumb-w\"><img loading=\"lazy\" decoding=\"async\" width=\"790\" height=\"442\" src=\"https:\/\/ciencia.ufpr.br\/portal\/wp-content\/uploads\/2021\/09\/16x9-EDITADA-Femea-de-lobo-guara-no-inverno-no-SCBI-e1633658740985.jpg\" class=\"attachment-post-thumbnail size-post-thumbnail wp-post-image\" alt=\"Estudio registra y eval\u00faa patrones card\u00edacos del Aguar\u00e1 Guaz\u00fa en busca de la preservaci\u00f3n de la especie\" title=\"Estudio registra y eval\u00faa patrones card\u00edacos del Aguar\u00e1 Guaz\u00fa en busca de la preservaci\u00f3n de la especie\" \/><\/div>\r\n\t\t\t\t<span class=\"format-icon standard\"><\/span>\t\t\t<\/div>\r\n\r\n\t\t\t<a class=\"brick-url\" href=\"https:\/\/ciencia.ufpr.br\/portal\/es\/estudio-registra-y-evalua-patrones-cardiacos-del-aguara-guazu-en-busca-de-la-preservacion-de-la-especie\/\" rel=\"bookmark\">\r\n\t\t\t\t<span class=\"screen-reader-text\">Estudio registra y eval\u00faa patrones card\u00edacos del Aguar\u00e1 Guaz\u00fa en busca de la preservaci\u00f3n de la especie<\/span>\t\t\t<\/a>\r\n\r\n\t\t\t\r\n\t\t<\/article>\r\n\t\t\t\t\t\t\t\t\t<\/div>\r\n\t\t\t\t\t\t<\/div>\r\n\t\t\t\t\t<\/div>\r\n\t\t\t\t<\/div>\r\n\t\t\t<\/li>\r\n\t\t\t\t\t\t<li data-thumb=\"https:\/\/ciencia.ufpr.br\/portal\/wp-content\/uploads\/2021\/06\/Claudio-Kirner-pixabay-tempestade-em-itajuba-storm-g00634e1fc_1920-m.png\">\r\n\t\t\t\t<div class=\"pbs-bricks bricks-o-w pbs-bricks-single no-gaps\">\r\n\t\t\t\t\t<div class=\"bricks-i-w\">\r\n\t\t\t\t\t\t<div class=\"brick brick-o brick-uwide brick-lg col__full\">\r\n\t\t\t\t\t\t\t<div class=\"brick-i\">\r\n\t\t\t\t\t\t\t\t\t\t<article class=\"post-913 post type-post status-publish format-standard has-post-thumbnail hentry category-exactas category-innovacion category-medioambiente category-reportaje category-tecnologia tag-164 tag-america-del-sur tag-clima tag-destacado tag-fisica tag-lluvias tag-madden-julian tag-manzones tag-meteorologia tag-prognostico-del-tiempo tag-prognotico-del-clima hentry pbs-module pbs-module-brick brick-c\">\r\n\t\t\t\t\t\t<div class=\"brick-c-i \">\r\n\t\t\t\t\t\t\t\t<header class=\"entry-header brick-e-h\">\r\n\t\t\t\t\t\t\t\t\t\t<div class=\"entry-meta brick-e-m above\">\r\n\t\t\t\t\t\t<span class=\"cat-links meta-info\"><a href=\"https:\/\/ciencia.ufpr.br\/portal\/es\/category\/ciencias\/exactas\/\" title=\"View all posts in Exactas\" class=\"cat-link color-by-cat exactas\">Exactas<\/a><a href=\"https:\/\/ciencia.ufpr.br\/portal\/es\/category\/ciencias\/innovacion\/\" title=\"View all posts in Innovaci\u00f3n\" class=\"cat-link color-by-cat innovacion\">Innovaci\u00f3n<\/a><a href=\"https:\/\/ciencia.ufpr.br\/portal\/es\/category\/ciencias\/medioambiente\/\" title=\"View all posts in Medio Ambiente\" class=\"cat-link color-by-cat medioambiente\">Medio Ambiente<\/a><a href=\"https:\/\/ciencia.ufpr.br\/portal\/es\/category\/actualidad\/reportaje\/\" title=\"View all posts in Reportaje\" class=\"cat-link color-by-cat reportaje\">Reportaje<\/a><a href=\"https:\/\/ciencia.ufpr.br\/portal\/es\/category\/ciencias\/tecnologia\/\" title=\"View all posts in Tecnolog\u00eda\" class=\"cat-link color-by-cat tecnologia\">Tecnolog\u00eda<\/a><\/span>\t\t\t\t\t<\/div><!-- .entry-meta -->\r\n\t\t\t\t\t\r\n\t\t\t\t\t<h2 class=\"entry-title brick-e-t xs__h6 sm__h3 md__h1\"> C\u00f3mo un nuevo m\u00e9todo mejora el pron\u00f3stico de las lluvias en Am\u00e9rica del Sur<\/h2>\t\t\t\t\t<div class=\"entry-meta brick-e-m below\">\r\n\t\t\t\t\t\t<span class=\"byline meta-info\">por <span class=\"author vcard\"><a class=\"url fn n\" href=\"https:\/\/ciencia.ufpr.br\/portal\/es\/author\/rodrigo-choinski\/\">Rodrigo Choinski<\/a><\/span><\/span><span class=\"posted-on meta-info\"><time class=\"entry-date published\" datetime=\"2021-06-15T20:02:34-03:00\">15 de junio de 2021<\/time><time class=\"updated\" datetime=\"2024-01-24T20:35:54-03:00\">24 de enero de 2024<\/time><\/span>\t\t\t\t\t<\/div><!-- .entry-meta -->\r\n\t\t\t\t\t\r\n\t\t\t\t<\/header><!-- .entry-header -->\r\n\t\t\t\t\r\n\t\t\t\t\r\n\t\t\t<\/div>\r\n\r\n\t\t\t<div class=\"brick-bg post-thumbnail pbs_e-p-t\">\r\n\t\t\t\t<div class=\"thumb-w\"><img loading=\"lazy\" decoding=\"async\" width=\"1920\" height=\"1080\" src=\"https:\/\/ciencia.ufpr.br\/portal\/wp-content\/uploads\/2021\/06\/Claudio-Kirner-pixabay-tempestade-em-itajuba-storm-g00634e1fc_1920-m.png\" class=\"attachment-post-thumbnail size-post-thumbnail wp-post-image\" alt=\"C\u00f3mo un nuevo m\u00e9todo mejora el pron\u00f3stico de las lluvias en Am\u00e9rica del Sur\" title=\"C\u00f3mo un nuevo m\u00e9todo mejora el pron\u00f3stico de las lluvias en Am\u00e9rica del Sur\" \/><\/div>\r\n\t\t\t\t<span class=\"format-icon standard\"><\/span>\t\t\t<\/div>\r\n\r\n\t\t\t<a class=\"brick-url\" href=\"https:\/\/ciencia.ufpr.br\/portal\/es\/como-un-nuevo-metodo-mejora-el-pronostico-de-las-lluvias-en-brasil\/\" rel=\"bookmark\">\r\n\t\t\t\t<span class=\"screen-reader-text\">C\u00f3mo un nuevo m\u00e9todo mejora el pron\u00f3stico de las lluvias en Am\u00e9rica del Sur<\/span>\t\t\t<\/a>\r\n\r\n\t\t\t\r\n\t\t<\/article>\r\n\t\t\t\t\t\t\t\t\t<\/div>\r\n\t\t\t\t\t\t<\/div>\r\n\t\t\t\t\t<\/div>\r\n\t\t\t\t<\/div>\r\n\t\t\t<\/li>\r\n\t\t\t\t\t\t\t<\/ul>\r\n\t\t\t<\/div>\r\n\t\t\t\r\n\t\t\t\t\t\t<\/div>\r\n\t\t\t<\/div><\/section><!--\/pbs-69f3076b17e9d-->\r\n\t\t\t[\/vc_column][\/vc_row][vc_row gap=\u00bb15&#8243; equal_height=\u00bbyes\u00bb css=\u00bb.vc_custom_1627418997502{margin-bottom: 0px !important;}\u00bb][vc_column width=\u00bb1\/2&#8243;]<section id=\"pbs-69f3076b1bfb6\" class=\"first-page pbs pbs-8 post-blocks\" data-role=\"wrapper\" data-uid=\"pbs-69f3076b1bfb6\" data-width=\"\"><div class=\"pbs-inner\" data-role=\"inner\"><div class=\"pbs-header widget-title-wrapper w-t-w\">\r\n\t<h3 class=\"pbs-title widget-title w-t\"><span>Noticias<\/span><\/h3>\t\r\n<\/div>\t\t\t<div class=\"pbs-content\" data-role=\"content\">\r\n\t\t\t\t\t\t<article class=\"post-1668 post type-post status-publish format-standard has-post-thumbnail hentry category-biologicas category-ciencias category-reportaje category-salud tag-acido-perfluorooctanoico-cadmio tag-contaminantes tag-embriologia tag-embrion tag-pfoa tag-toxicologia hentry pbs-module pbs-module-wide\">\r\n\t\t\t<header class=\"entry-header pbs_e-h\">\r\n\t\t\t\t\t\t\t\t\t<div class=\"post-thumbnail pbs_e-p-t default\">\r\n\t\t\t\t\t\t<a href=\"https:\/\/ciencia.ufpr.br\/portal\/es\/cadmio-y-pfoa-pueden-provocar-malformaciones-en-embriones\/\" aria-hidden=\"true\">\r\n\t\t\t\t\t\t<div class=\"thumb-w\"><img loading=\"lazy\" decoding=\"async\" width=\"300\" height=\"170\" src=\"https:\/\/ciencia.ufpr.br\/portal\/wp-content\/uploads\/2023\/02\/Cadmio-embriao.gif\" class=\"attachment-medium size-medium wp-post-image\" alt=\"Cadmio y PFOA pueden provocar malformaciones en embriones\" title=\"Cadmio y PFOA pueden provocar malformaciones en embriones\" \/><\/div>\t\t\t\t\t\t<\/a>\r\n\r\n\t\t\t\t\t\t<span class=\"format-icon standard\"><\/span>\t\t\t\t\t\t\r\n\t\t\t\t\t\t\t\t\t\t\t<\/div>\r\n\t\t\t\t\t\t\t\t\t<div class=\"entry-meta pbs_e-m above\">\r\n\t\t\t\t\t<span class=\"cat-links meta-info\"><a href=\"https:\/\/ciencia.ufpr.br\/portal\/es\/category\/ciencias\/biologicas\/\" title=\"View all posts in Biol\u00f3gicas\" class=\"cat-link color-by-cat biologicas\">Biol\u00f3gicas<\/a><a href=\"https:\/\/ciencia.ufpr.br\/portal\/es\/category\/ciencias\/\" title=\"View all posts in Ciencias\" class=\"cat-link color-by-cat ciencias\">Ciencias<\/a><a href=\"https:\/\/ciencia.ufpr.br\/portal\/es\/category\/actualidad\/reportaje\/\" title=\"View all posts in Reportaje\" class=\"cat-link color-by-cat reportaje\">Reportaje<\/a><a href=\"https:\/\/ciencia.ufpr.br\/portal\/es\/category\/ciencias\/salud\/\" title=\"View all posts in Salud\" class=\"cat-link color-by-cat salud\">Salud<\/a><\/span>\t\t\t\t<\/div><!-- .entry-meta -->\r\n\t\t\t\t\t\t\t\t<h4 class=\"entry-title pbs_e-t  xs__h4 sm__h3 md__h4\"><a href=\"https:\/\/ciencia.ufpr.br\/portal\/es\/cadmio-y-pfoa-pueden-provocar-malformaciones-en-embriones\/\" rel=\"bookmark\">Cadmio y PFOA pueden provocar malformaciones en embriones<\/a><\/h4>\t\t\t\r\n\t\t\t\t\t\t\t\t<div class=\"entry-meta pbs_e-m below\">\r\n\t\t\t\t\t<span class=\"byline meta-info\">por <span class=\"author vcard\"><a class=\"url fn n\" href=\"https:\/\/ciencia.ufpr.br\/portal\/es\/author\/revistaciencia\/\">Revista Ci\u00eancia UFPR<\/a><\/span><\/span><span class=\"posted-on meta-info\"><time class=\"entry-date published\" datetime=\"2023-02-15T16:51:32-03:00\">15 de febrero de 2023<\/time><time class=\"updated\" datetime=\"2024-09-05T17:32:39-03:00\">5 de septiembre de 2024<\/time><\/span>\t\t\t\t<\/div><!-- .entry-meta -->\r\n\t\t\t\t\r\n\t\t\t<\/header><!-- .entry-header -->\r\n\t\t\t\r\n\t\t\t\t\t<\/article>\r\n\t\t\t\t<article class=\"post-895 post type-post status-publish format-standard has-post-thumbnail hentry category-biologicas category-noticias category-reportaje category-salud tag-adn-basura tag-cancer tag-cancer-de-mama tag-genetica tag-junk-dna tag-noticias tag-trash-dna hentry pbs-module pbs-module-thumb-left pbs-module-thumb\">\r\n\t\t\t<header class=\"entry-header pbs_e-h\">\r\n\t\t\t\t\r\n\t\t\t\t\t\t\t\t\t<div class=\"post-thumbnail pbs_e-p-t square\">\r\n\t\t\t\t\t\t<a href=\"https:\/\/ciencia.ufpr.br\/portal\/es\/asocian-molecula-de-region-poco-estudiada-del-adn-con-el-cancer-de-mama\/\" aria-hidden=\"true\">\r\n\t\t\t\t\t\t<div class=\"thumb-w\"><img loading=\"lazy\" decoding=\"async\" width=\"150\" height=\"84\" src=\"https:\/\/ciencia.ufpr.br\/portal\/wp-content\/uploads\/2021\/08\/Destaque-DNA-Lixo-mm-1.png\" class=\"attachment-thumbnail size-thumbnail wp-post-image\" alt=\"Asocian mol\u00e9cula de regi\u00f3n poco estudiada del ADN con el c\u00e1ncer de mama\" title=\"Asocian mol\u00e9cula de regi\u00f3n poco estudiada del ADN con el c\u00e1ncer de mama\" \/><\/div>\t\t\t\t\t\t<\/a>\r\n\r\n\t\t\t\t\t\t<span class=\"format-icon standard\"><\/span>\t\t\t\t\t\t\r\n\t\t\t\t\t<\/div>\r\n\t\t\t\t\t\t\t\t\r\n\t\t\t\t\t\t\t\t<div class=\"entry-meta pbs_e-m above\">\r\n\t\t\t\t\t<span class=\"cat-links meta-info\"><a href=\"https:\/\/ciencia.ufpr.br\/portal\/es\/category\/ciencias\/biologicas\/\" title=\"View all posts in Biol\u00f3gicas\" class=\"cat-link color-by-cat biologicas\">Biol\u00f3gicas<\/a><a href=\"https:\/\/ciencia.ufpr.br\/portal\/es\/category\/actualidad\/noticias\/\" title=\"View all posts in Noticias\" class=\"cat-link color-by-cat noticias\">Noticias<\/a><a href=\"https:\/\/ciencia.ufpr.br\/portal\/es\/category\/actualidad\/reportaje\/\" title=\"View all posts in Reportaje\" class=\"cat-link color-by-cat reportaje\">Reportaje<\/a><a href=\"https:\/\/ciencia.ufpr.br\/portal\/es\/category\/ciencias\/salud\/\" title=\"View all posts in Salud\" class=\"cat-link color-by-cat salud\">Salud<\/a><\/span>\t\t\t\t<\/div><!-- .entry-meta -->\r\n\t\t\t\t\r\n\t\t\t\t<h4 class=\"entry-title pbs_e-t  xs__h6 sm__h6 md__h6\"><a href=\"https:\/\/ciencia.ufpr.br\/portal\/es\/asocian-molecula-de-region-poco-estudiada-del-adn-con-el-cancer-de-mama\/\" rel=\"bookmark\">Asocian mol\u00e9cula de regi\u00f3n poco estudiada del ADN con el c\u00e1ncer de mama<\/a><\/h4>\t\t\t\r\n\t\t\t\t\t\t\t\t<div class=\"entry-meta pbs_e-m below\">\r\n\t\t\t\t\t<span class=\"byline meta-info\">por <span class=\"author vcard\"><a class=\"url fn n\" href=\"https:\/\/ciencia.ufpr.br\/portal\/es\/author\/joaocubas\/\">Jo\u00e3o Cubas<\/a><\/span><\/span><span class=\"posted-on meta-info\"><time class=\"entry-date published\" datetime=\"2021-08-24T08:27:25-03:00\">24 de agosto de 2021<\/time><time class=\"updated\" datetime=\"2024-01-24T20:36:08-03:00\">24 de enero de 2024<\/time><\/span>\t\t\t\t<\/div><!-- .entry-meta -->\r\n\t\t\t\t\r\n\t\t\t<\/header><!-- .entry-header -->\r\n\t\t\t\r\n\t\t\t\r\n\t\t<\/article>\r\n\t\t\t\t<article class=\"post-973 post type-post status-publish format-standard has-post-thumbnail hentry category-agrarios category-biologicas category-innovacion category-medioambiente category-reportaje tag-agricultura tag-biotecnologia tag-microalgas hentry pbs-module pbs-module-thumb-left pbs-module-thumb\">\r\n\t\t\t<header class=\"entry-header pbs_e-h\">\r\n\t\t\t\t\r\n\t\t\t\t\t\t\t\t\t<div class=\"post-thumbnail pbs_e-p-t square\">\r\n\t\t\t\t\t\t<a href=\"https:\/\/ciencia.ufpr.br\/portal\/es\/microalgas-encapsuladas-ayudan-a-tratar-la-vinaza-efluente-de-la-industria-del-etanol\/\" aria-hidden=\"true\">\r\n\t\t\t\t\t\t<div class=\"thumb-w\"><img loading=\"lazy\" decoding=\"async\" width=\"150\" height=\"84\" src=\"https:\/\/ciencia.ufpr.br\/portal\/wp-content\/uploads\/2021\/04\/Aplica%C3%A7%C3%A3o_de_Vinha%C3%A7a_-_panoramio-Jarbas-yurasseck-jr-Creative1.jpg\" class=\"attachment-thumbnail size-thumbnail wp-post-image\" alt=\"Microalgas encapsuladas ayudan a tratar la vinaza, efluente de la industria del etanol\" title=\"Microalgas encapsuladas ayudan a tratar la vinaza, efluente de la industria del etanol\" \/><\/div>\t\t\t\t\t\t<\/a>\r\n\r\n\t\t\t\t\t\t<span class=\"format-icon standard\"><\/span>\t\t\t\t\t\t\r\n\t\t\t\t\t<\/div>\r\n\t\t\t\t\t\t\t\t\r\n\t\t\t\t\t\t\t\t<div class=\"entry-meta pbs_e-m above\">\r\n\t\t\t\t\t<span class=\"cat-links meta-info\"><a href=\"https:\/\/ciencia.ufpr.br\/portal\/es\/category\/ciencias\/agrarios\/\" title=\"View all posts in Agrarios\" class=\"cat-link color-by-cat agrarios\">Agrarios<\/a><a href=\"https:\/\/ciencia.ufpr.br\/portal\/es\/category\/ciencias\/biologicas\/\" title=\"View all posts in Biol\u00f3gicas\" class=\"cat-link color-by-cat biologicas\">Biol\u00f3gicas<\/a><a href=\"https:\/\/ciencia.ufpr.br\/portal\/es\/category\/ciencias\/innovacion\/\" title=\"View all posts in Innovaci\u00f3n\" class=\"cat-link color-by-cat innovacion\">Innovaci\u00f3n<\/a><a href=\"https:\/\/ciencia.ufpr.br\/portal\/es\/category\/ciencias\/medioambiente\/\" title=\"View all posts in Medio Ambiente\" class=\"cat-link color-by-cat medioambiente\">Medio Ambiente<\/a><a href=\"https:\/\/ciencia.ufpr.br\/portal\/es\/category\/actualidad\/reportaje\/\" title=\"View all posts in Reportaje\" class=\"cat-link color-by-cat reportaje\">Reportaje<\/a><\/span>\t\t\t\t<\/div><!-- .entry-meta -->\r\n\t\t\t\t\r\n\t\t\t\t<h4 class=\"entry-title pbs_e-t  xs__h6 sm__h6 md__h6\"><a href=\"https:\/\/ciencia.ufpr.br\/portal\/es\/microalgas-encapsuladas-ayudan-a-tratar-la-vinaza-efluente-de-la-industria-del-etanol\/\" rel=\"bookmark\">Microalgas encapsuladas ayudan a tratar la vinaza, efluente de la industria del etanol<\/a><\/h4>\t\t\t\r\n\t\t\t\t\t\t\t\t<div class=\"entry-meta pbs_e-m below\">\r\n\t\t\t\t\t<span class=\"byline meta-info\">por <span class=\"author vcard\"><a class=\"url fn n\" href=\"https:\/\/ciencia.ufpr.br\/portal\/es\/author\/alinefernandes\/\">Aline Fernandes Fran\u00e7a<\/a><\/span><\/span><span class=\"posted-on meta-info\"><time class=\"entry-date published\" datetime=\"2021-04-19T18:00:56-03:00\">19 de abril de 2021<\/time><time class=\"updated\" datetime=\"2024-01-25T17:11:12-03:00\">25 de enero de 2024<\/time><\/span>\t\t\t\t<\/div><!-- .entry-meta -->\r\n\t\t\t\t\r\n\t\t\t<\/header><!-- .entry-header -->\r\n\t\t\t\r\n\t\t\t\r\n\t\t<\/article>\r\n\t\t\t\t\t<\/div>\r\n\t\t\t<\/div><\/section><!--\/pbs-69f3076b1bfb6-->\r\n\t\t\t[\/vc_column][vc_column width=\u00bb1\/4&#8243; css=\u00bb.vc_custom_1694458334836{margin-top: 0px !important;padding-right: 30px !important;padding-bottom: 20px !important;padding-left: 30px !important;background-color: #fff7f0 !important;}\u00bb]<section id=\"pbs-69f3076b2685d\" class=\"first-page pbs pbs-8 post-blocks\" data-role=\"wrapper\" data-uid=\"pbs-69f3076b2685d\" data-width=\"\"><div class=\"pbs-inner\" data-role=\"inner\"><div class=\"pbs-header widget-title-wrapper w-t-w\">\r\n\t<h3 class=\"pbs-title widget-title w-t\"><span>Medio Ambiente<\/span><\/h3>\t\r\n<\/div>\t\t\t<div class=\"pbs-content\" data-role=\"content\">\r\n\t\t\t\t\t\t<article class=\"post-1684 post type-post status-publish format-standard has-post-thumbnail hentry category-actualidad category-galeria category-infografia category-medioambiente category-reportaje category-tierra tag-antropoceno tag-contaminacion tag-destacado tag-isla-de-trinidad tag-mar tag-oceanos tag-plastico tag-rocas-de-plastico tag-trinidad-y-martin-vaz hentry pbs-module pbs-module-wide\">\r\n\t\t\t<header class=\"entry-header pbs_e-h\">\r\n\t\t\t\t\t\t\t\t\t<div class=\"post-thumbnail pbs_e-p-t portrait\">\r\n\t\t\t\t\t\t<a href=\"https:\/\/ciencia.ufpr.br\/portal\/es\/investigadores-descubren-rocas-formadas-por-plastico-en-la-isla-de-trinidad\/\" aria-hidden=\"true\">\r\n\t\t\t\t\t\t<div class=\"thumb-w\"><img loading=\"lazy\" decoding=\"async\" width=\"300\" height=\"169\" src=\"https:\/\/ciencia.ufpr.br\/portal\/wp-content\/uploads\/2023\/01\/download-ilha-1536x864.jpeg\" class=\"attachment-medium size-medium wp-post-image\" alt=\"Investigadores descubren rocas formadas por pl\u00e1stico en la Isla de Trinidad\" title=\"Investigadores descubren rocas formadas por pl\u00e1stico en la Isla de Trinidad\" \/><\/div>\t\t\t\t\t\t<\/a>\r\n\r\n\t\t\t\t\t\t<span class=\"format-icon standard\"><\/span>\t\t\t\t\t\t\r\n\t\t\t\t\t\t\t\t\t\t\t<\/div>\r\n\t\t\t\t\t\t\t\t\t<div class=\"entry-meta pbs_e-m above\">\r\n\t\t\t\t\t<span class=\"cat-links meta-info\"><a href=\"https:\/\/ciencia.ufpr.br\/portal\/es\/category\/actualidad\/\" title=\"View all posts in Actualidad\" class=\"cat-link color-by-cat actualidad\">Actualidad<\/a><a href=\"https:\/\/ciencia.ufpr.br\/portal\/es\/category\/multimedia\/galeria\/\" title=\"View all posts in Galer\u00eda\" class=\"cat-link color-by-cat galeria\">Galer\u00eda<\/a><a href=\"https:\/\/ciencia.ufpr.br\/portal\/es\/category\/multimedia\/infografia\/\" title=\"View all posts in Infograf\u00eda\" class=\"cat-link color-by-cat infografia\">Infograf\u00eda<\/a><a href=\"https:\/\/ciencia.ufpr.br\/portal\/es\/category\/ciencias\/medioambiente\/\" title=\"View all posts in Medio Ambiente\" class=\"cat-link color-by-cat medioambiente\">Medio Ambiente<\/a><a href=\"https:\/\/ciencia.ufpr.br\/portal\/es\/category\/actualidad\/reportaje\/\" title=\"View all posts in Reportaje\" class=\"cat-link color-by-cat reportaje\">Reportaje<\/a><a href=\"https:\/\/ciencia.ufpr.br\/portal\/es\/category\/ciencias\/tierra\/\" title=\"View all posts in Tierra\" class=\"cat-link color-by-cat tierra\">Tierra<\/a><\/span>\t\t\t\t<\/div><!-- .entry-meta -->\r\n\t\t\t\t\t\t\t\t<h4 class=\"entry-title pbs_e-t  xs__h4 sm__h3 md__h4\"><a href=\"https:\/\/ciencia.ufpr.br\/portal\/es\/investigadores-descubren-rocas-formadas-por-plastico-en-la-isla-de-trinidad\/\" rel=\"bookmark\">Investigadores descubren rocas formadas por pl\u00e1stico en la Isla de Trinidad<\/a><\/h4>\t\t\t\r\n\t\t\t\t\t\t\t\t<div class=\"entry-meta pbs_e-m below\">\r\n\t\t\t\t\t<span class=\"byline meta-info\">por <span class=\"author vcard\"><a class=\"url fn n\" href=\"https:\/\/ciencia.ufpr.br\/portal\/es\/author\/revistaciencia\/\">Revista Ci\u00eancia UFPR<\/a><\/span><\/span><span class=\"posted-on meta-info\"><time class=\"entry-date published\" datetime=\"2024-09-06T22:03:26-03:00\">6 de septiembre de 2024<\/time><time class=\"updated\" datetime=\"2024-09-06T22:46:44-03:00\">6 de septiembre de 2024<\/time><\/span>\t\t\t\t<\/div><!-- .entry-meta -->\r\n\t\t\t\t\r\n\t\t\t<\/header><!-- .entry-header -->\r\n\t\t\t\r\n\t\t\t\t\t<\/article>\r\n\t\t\t\t<article class=\"post-918 post type-post status-publish format-standard has-post-thumbnail hentry category-biologicas category-innovacion category-medioambiente category-reportaje tag-164 tag-aguara-guazu tag-chrysocyon-brachyurus tag-destacado tag-savana-tropical hentry pbs-module pbs-module-thumb-left pbs-module-thumb\">\r\n\t\t\t<header class=\"entry-header pbs_e-h\">\r\n\t\t\t\t\r\n\t\t\t\t\t\t\t\t\t<div class=\"post-thumbnail pbs_e-p-t square\">\r\n\t\t\t\t\t\t<a href=\"https:\/\/ciencia.ufpr.br\/portal\/es\/estudio-registra-y-evalua-patrones-cardiacos-del-aguara-guazu-en-busca-de-la-preservacion-de-la-especie\/\" aria-hidden=\"true\">\r\n\t\t\t\t\t\t<div class=\"thumb-w\"><img loading=\"lazy\" decoding=\"async\" width=\"150\" height=\"84\" src=\"https:\/\/ciencia.ufpr.br\/portal\/wp-content\/uploads\/2021\/09\/16x9-EDITADA-Femea-de-lobo-guara-no-inverno-no-SCBI-e1633658740985.jpg\" class=\"attachment-thumbnail size-thumbnail wp-post-image\" alt=\"Estudio registra y eval\u00faa patrones card\u00edacos del Aguar\u00e1 Guaz\u00fa en busca de la preservaci\u00f3n de la especie\" title=\"Estudio registra y eval\u00faa patrones card\u00edacos del Aguar\u00e1 Guaz\u00fa en busca de la preservaci\u00f3n de la especie\" \/><\/div>\t\t\t\t\t\t<\/a>\r\n\r\n\t\t\t\t\t\t<span class=\"format-icon standard\"><\/span>\t\t\t\t\t\t\r\n\t\t\t\t\t<\/div>\r\n\t\t\t\t\t\t\t\t\r\n\t\t\t\t\t\t\t\t<div class=\"entry-meta pbs_e-m above\">\r\n\t\t\t\t\t<span class=\"cat-links meta-info\"><a href=\"https:\/\/ciencia.ufpr.br\/portal\/es\/category\/ciencias\/biologicas\/\" title=\"View all posts in Biol\u00f3gicas\" class=\"cat-link color-by-cat biologicas\">Biol\u00f3gicas<\/a><a href=\"https:\/\/ciencia.ufpr.br\/portal\/es\/category\/ciencias\/innovacion\/\" title=\"View all posts in Innovaci\u00f3n\" class=\"cat-link color-by-cat innovacion\">Innovaci\u00f3n<\/a><a href=\"https:\/\/ciencia.ufpr.br\/portal\/es\/category\/ciencias\/medioambiente\/\" title=\"View all posts in Medio Ambiente\" class=\"cat-link color-by-cat medioambiente\">Medio Ambiente<\/a><a href=\"https:\/\/ciencia.ufpr.br\/portal\/es\/category\/actualidad\/reportaje\/\" title=\"View all posts in Reportaje\" class=\"cat-link color-by-cat reportaje\">Reportaje<\/a><\/span>\t\t\t\t<\/div><!-- .entry-meta -->\r\n\t\t\t\t\r\n\t\t\t\t<h4 class=\"entry-title pbs_e-t  xs__h6 sm__h6 md__h6\"><a href=\"https:\/\/ciencia.ufpr.br\/portal\/es\/estudio-registra-y-evalua-patrones-cardiacos-del-aguara-guazu-en-busca-de-la-preservacion-de-la-especie\/\" rel=\"bookmark\">Estudio registra y eval\u00faa patrones card\u00edacos del Aguar\u00e1 Guaz\u00fa en busca de la preservaci\u00f3n de la especie<\/a><\/h4>\t\t\t\r\n\t\t\t\t\t\t\t\t<div class=\"entry-meta pbs_e-m below\">\r\n\t\t\t\t\t<span class=\"byline meta-info\">por <span class=\"author vcard\"><a class=\"url fn n\" href=\"https:\/\/ciencia.ufpr.br\/portal\/es\/author\/alinefernandes\/\">Aline Fernandes Fran\u00e7a<\/a><\/span><\/span><span class=\"posted-on meta-info\"><time class=\"entry-date published\" datetime=\"2021-09-22T15:34:37-03:00\">22 de septiembre de 2021<\/time><time class=\"updated\" datetime=\"2024-01-24T20:30:30-03:00\">24 de enero de 2024<\/time><\/span>\t\t\t\t<\/div><!-- .entry-meta -->\r\n\t\t\t\t\r\n\t\t\t<\/header><!-- .entry-header -->\r\n\t\t\t\r\n\t\t\t\r\n\t\t<\/article>\r\n\t\t\t\t\t<\/div>\r\n\t\t\t<\/div><\/section><!--\/pbs-69f3076b2685d-->\r\n\t\t\t[\/vc_column][vc_column width=\u00bb1\/5&#8243;]<section id=\"pbs-69f3076b2d28c\" class=\"first-page pbs pbs-6 post-blocks\" data-role=\"wrapper\" data-uid=\"pbs-69f3076b2d28c\" data-width=\"\"><div class=\"pbs-inner\" data-role=\"inner\"><div class=\"pbs-header widget-title-wrapper w-t-w\">\r\n\t<h3 class=\"pbs-title widget-title w-t\"><span>Mas leido<\/span><\/h3>\t\r\n<\/div>\t\t\t<div class=\"pbs-content\" data-role=\"content\">\r\n\t\t\t\t\t\t<article class=\"post-1684 post type-post status-publish format-standard has-post-thumbnail hentry category-actualidad category-galeria category-infografia category-medioambiente category-reportaje category-tierra tag-antropoceno tag-contaminacion tag-destacado tag-isla-de-trinidad tag-mar tag-oceanos tag-plastico tag-rocas-de-plastico tag-trinidad-y-martin-vaz hentry pbs-module pbs-module-counter-thumb pbs-module-thumb-right pbs-module-counter\">\r\n\r\n\t\t\t<span class=\"pbs_pcount\">1<\/span>\r\n\t\t\t<header class=\"entry-header pbs_e-h\">\r\n\t\t\t\t\r\n\t\t\t\t\t\t\t\t\t<div class=\"post-thumbnail pbs_e-p-t default\">\r\n\t\t\t\t\t\t<a href=\"https:\/\/ciencia.ufpr.br\/portal\/es\/investigadores-descubren-rocas-formadas-por-plastico-en-la-isla-de-trinidad\/\" aria-hidden=\"true\">\r\n\t\t\t\t\t\t<div class=\"thumb-w\"><img loading=\"lazy\" decoding=\"async\" width=\"150\" height=\"84\" src=\"https:\/\/ciencia.ufpr.br\/portal\/wp-content\/uploads\/2023\/01\/download-ilha-1536x864.jpeg\" class=\"attachment-thumbnail size-thumbnail wp-post-image\" alt=\"Investigadores descubren rocas formadas por pl\u00e1stico en la Isla de Trinidad\" title=\"Investigadores descubren rocas formadas por pl\u00e1stico en la Isla de Trinidad\" \/><\/div>\t\t\t\t\t\t<\/a>\r\n\r\n\t\t\t\t\t\t<span class=\"format-icon standard\"><\/span>\t\t\t\t\t<\/div>\r\n\t\t\t\t\t\t\t\t\r\n\t\t\t\t\r\n\t\t\t\t<h4 class=\"entry-title pbs_e-t  xs__h6 sm__h6 md__h6\"><a href=\"https:\/\/ciencia.ufpr.br\/portal\/es\/investigadores-descubren-rocas-formadas-por-plastico-en-la-isla-de-trinidad\/\" rel=\"bookmark\">Investigadores descubren rocas formadas por pl\u00e1stico en la Isla de Trinidad<\/a><\/h4>\t\t\t\r\n\t\t\t\t\r\n\t\t\t<\/header><!-- .entry-header -->\r\n\t\t\t\r\n\t\t\t\t\t<\/article>\r\n\t\t\t\t<article class=\"post-701 post type-post status-publish format-standard has-post-thumbnail hentry category-biologicas category-ciencias category-medioambiente category-reportaje tag-164 tag-especie tag-invertebrado tag-molusco tag-parana tag-zoologia hentry pbs-module pbs-module-counter-thumb pbs-module-thumb-right pbs-module-counter\">\r\n\r\n\t\t\t<span class=\"pbs_pcount\">2<\/span>\r\n\t\t\t<header class=\"entry-header pbs_e-h\">\r\n\t\t\t\t\r\n\t\t\t\t\t\t\t\t\t<div class=\"post-thumbnail pbs_e-p-t default\">\r\n\t\t\t\t\t\t<a href=\"https:\/\/ciencia.ufpr.br\/portal\/es\/el-caracol-que-nacio-con-las-islas-currais-un-paraiso-marino-en-parana-brasil\/\" aria-hidden=\"true\">\r\n\t\t\t\t\t\t<div class=\"thumb-w\"><img loading=\"lazy\" decoding=\"async\" width=\"150\" height=\"150\" src=\"https:\/\/ciencia.ufpr.br\/portal\/es\/wp-content\/uploads\/sites\/3\/2023\/02\/DSC_42031-invert-m-150x150.jpg\" class=\"attachment-thumbnail size-thumbnail wp-post-image\" alt=\"El caracol que naci\u00f3 con las Islas Currais, un para\u00edso marino en Paran\u00e1, Brasil\" title=\"El caracol que naci\u00f3 con las Islas Currais, un para\u00edso marino en Paran\u00e1, Brasil\" \/><\/div>\t\t\t\t\t\t<\/a>\r\n\r\n\t\t\t\t\t\t<span class=\"format-icon standard\"><\/span>\t\t\t\t\t<\/div>\r\n\t\t\t\t\t\t\t\t\r\n\t\t\t\t\r\n\t\t\t\t<h4 class=\"entry-title pbs_e-t  xs__h6 sm__h6 md__h6\"><a href=\"https:\/\/ciencia.ufpr.br\/portal\/es\/el-caracol-que-nacio-con-las-islas-currais-un-paraiso-marino-en-parana-brasil\/\" rel=\"bookmark\">El caracol que naci\u00f3 con las Islas Currais, un para\u00edso marino en Paran\u00e1, Brasil<\/a><\/h4>\t\t\t\r\n\t\t\t\t\r\n\t\t\t<\/header><!-- .entry-header -->\r\n\t\t\t\r\n\t\t\t\t\t<\/article>\r\n\t\t\t\t<article class=\"post-1668 post type-post status-publish format-standard has-post-thumbnail hentry category-biologicas category-ciencias category-reportaje category-salud tag-acido-perfluorooctanoico-cadmio tag-contaminantes tag-embriologia tag-embrion tag-pfoa tag-toxicologia hentry pbs-module pbs-module-counter-thumb pbs-module-thumb-right pbs-module-counter\">\r\n\r\n\t\t\t<span class=\"pbs_pcount\">3<\/span>\r\n\t\t\t<header class=\"entry-header pbs_e-h\">\r\n\t\t\t\t\r\n\t\t\t\t\t\t\t\t\t<div class=\"post-thumbnail pbs_e-p-t default\">\r\n\t\t\t\t\t\t<a href=\"https:\/\/ciencia.ufpr.br\/portal\/es\/cadmio-y-pfoa-pueden-provocar-malformaciones-en-embriones\/\" aria-hidden=\"true\">\r\n\t\t\t\t\t\t<div class=\"thumb-w\"><img loading=\"lazy\" decoding=\"async\" width=\"150\" height=\"85\" src=\"https:\/\/ciencia.ufpr.br\/portal\/wp-content\/uploads\/2023\/02\/Cadmio-embriao.gif\" class=\"attachment-thumbnail size-thumbnail wp-post-image\" alt=\"Cadmio y PFOA pueden provocar malformaciones en embriones\" title=\"Cadmio y PFOA pueden provocar malformaciones en embriones\" \/><\/div>\t\t\t\t\t\t<\/a>\r\n\r\n\t\t\t\t\t\t<span class=\"format-icon standard\"><\/span>\t\t\t\t\t<\/div>\r\n\t\t\t\t\t\t\t\t\r\n\t\t\t\t\r\n\t\t\t\t<h4 class=\"entry-title pbs_e-t  xs__h6 sm__h6 md__h6\"><a href=\"https:\/\/ciencia.ufpr.br\/portal\/es\/cadmio-y-pfoa-pueden-provocar-malformaciones-en-embriones\/\" rel=\"bookmark\">Cadmio y PFOA pueden provocar malformaciones en embriones<\/a><\/h4>\t\t\t\r\n\t\t\t\t\r\n\t\t\t<\/header><!-- .entry-header -->\r\n\t\t\t\r\n\t\t\t\t\t<\/article>\r\n\t\t\t\t<article class=\"post-973 post type-post status-publish format-standard has-post-thumbnail hentry category-agrarios category-biologicas category-innovacion category-medioambiente category-reportaje tag-agricultura tag-biotecnologia tag-microalgas hentry pbs-module pbs-module-counter-thumb pbs-module-thumb-right pbs-module-counter\">\r\n\r\n\t\t\t<span class=\"pbs_pcount\">4<\/span>\r\n\t\t\t<header class=\"entry-header pbs_e-h\">\r\n\t\t\t\t\r\n\t\t\t\t\t\t\t\t\t<div class=\"post-thumbnail pbs_e-p-t default\">\r\n\t\t\t\t\t\t<a href=\"https:\/\/ciencia.ufpr.br\/portal\/es\/microalgas-encapsuladas-ayudan-a-tratar-la-vinaza-efluente-de-la-industria-del-etanol\/\" aria-hidden=\"true\">\r\n\t\t\t\t\t\t<div class=\"thumb-w\"><img loading=\"lazy\" decoding=\"async\" width=\"150\" height=\"84\" src=\"https:\/\/ciencia.ufpr.br\/portal\/wp-content\/uploads\/2021\/04\/Aplica%C3%A7%C3%A3o_de_Vinha%C3%A7a_-_panoramio-Jarbas-yurasseck-jr-Creative1.jpg\" class=\"attachment-thumbnail size-thumbnail wp-post-image\" alt=\"Microalgas encapsuladas ayudan a tratar la vinaza, efluente de la industria del etanol\" title=\"Microalgas encapsuladas ayudan a tratar la vinaza, efluente de la industria del etanol\" \/><\/div>\t\t\t\t\t\t<\/a>\r\n\r\n\t\t\t\t\t\t<span class=\"format-icon standard\"><\/span>\t\t\t\t\t<\/div>\r\n\t\t\t\t\t\t\t\t\r\n\t\t\t\t\r\n\t\t\t\t<h4 class=\"entry-title pbs_e-t  xs__h6 sm__h6 md__h6\"><a href=\"https:\/\/ciencia.ufpr.br\/portal\/es\/microalgas-encapsuladas-ayudan-a-tratar-la-vinaza-efluente-de-la-industria-del-etanol\/\" rel=\"bookmark\">Microalgas encapsuladas ayudan a tratar la vinaza, efluente de la industria del etanol<\/a><\/h4>\t\t\t\r\n\t\t\t\t\r\n\t\t\t<\/header><!-- .entry-header -->\r\n\t\t\t\r\n\t\t\t\t\t<\/article>\r\n\t\t\t\t<article class=\"post-913 post type-post status-publish format-standard has-post-thumbnail hentry category-exactas category-innovacion category-medioambiente category-reportaje category-tecnologia tag-164 tag-america-del-sur tag-clima tag-destacado tag-fisica tag-lluvias tag-madden-julian tag-manzones tag-meteorologia tag-prognostico-del-tiempo tag-prognotico-del-clima hentry pbs-module pbs-module-counter-thumb pbs-module-thumb-right pbs-module-counter\">\r\n\r\n\t\t\t<span class=\"pbs_pcount\">5<\/span>\r\n\t\t\t<header class=\"entry-header pbs_e-h\">\r\n\t\t\t\t\r\n\t\t\t\t\t\t\t\t\t<div class=\"post-thumbnail pbs_e-p-t default\">\r\n\t\t\t\t\t\t<a href=\"https:\/\/ciencia.ufpr.br\/portal\/es\/como-un-nuevo-metodo-mejora-el-pronostico-de-las-lluvias-en-brasil\/\" aria-hidden=\"true\">\r\n\t\t\t\t\t\t<div class=\"thumb-w\"><img loading=\"lazy\" decoding=\"async\" width=\"150\" height=\"84\" src=\"https:\/\/ciencia.ufpr.br\/portal\/wp-content\/uploads\/2021\/06\/Claudio-Kirner-pixabay-tempestade-em-itajuba-storm-g00634e1fc_1920-m.png\" class=\"attachment-thumbnail size-thumbnail wp-post-image\" alt=\"C\u00f3mo un nuevo m\u00e9todo mejora el pron\u00f3stico de las lluvias en Am\u00e9rica del Sur\" title=\"C\u00f3mo un nuevo m\u00e9todo mejora el pron\u00f3stico de las lluvias en Am\u00e9rica del Sur\" \/><\/div>\t\t\t\t\t\t<\/a>\r\n\r\n\t\t\t\t\t\t<span class=\"format-icon standard\"><\/span>\t\t\t\t\t<\/div>\r\n\t\t\t\t\t\t\t\t\r\n\t\t\t\t\r\n\t\t\t\t<h4 class=\"entry-title pbs_e-t  xs__h6 sm__h6 md__h6\"><a href=\"https:\/\/ciencia.ufpr.br\/portal\/es\/como-un-nuevo-metodo-mejora-el-pronostico-de-las-lluvias-en-brasil\/\" rel=\"bookmark\">C\u00f3mo un nuevo m\u00e9todo mejora el pron\u00f3stico de las lluvias en Am\u00e9rica del Sur<\/a><\/h4>\t\t\t\r\n\t\t\t\t\r\n\t\t\t<\/header><!-- .entry-header -->\r\n\t\t\t\r\n\t\t\t\t\t<\/article>\r\n\t\t\t\t\t<\/div>\r\n\t\t\t<\/div><\/section><!--\/pbs-69f3076b2d28c-->\r\n\t\t\t[\/vc_column][\/vc_row][vc_row][vc_column]<section id=\"pbs-69f3076b35ef6\" class=\"first-page pbs pbs-carousel post-slider\" data-role=\"wrapper\" data-uid=\"pbs-69f3076b35ef6\" data-width=\"\"><div class=\"pbs-inner\" data-role=\"inner\"><div class=\"pbs-header widget-title-wrapper w-t-w\">\r\n\t<h3 class=\"pbs-title widget-title w-t\"><span>Ideas<\/span><\/h3>\t\r\n<\/div>\t\t\t<div class=\"pbs-content\" data-role=\"content\">\r\n\t\t\t\t\r\n\t\t\t<div class=\"flexslider pbs-carousel carousel \" data-settings=\"{&quot;animation&quot;:&quot;slide&quot;,&quot;slideshow&quot;:false,&quot;controlNav&quot;:false,&quot;directionNav&quot;:true,&quot;animationLoop&quot;:true,&quot;itemMargin&quot;:0,&quot;itemWidth&quot;:150,&quot;minItems&quot;:1,&quot;responsive&quot;:{&quot;559&quot;:{&quot;minItems&quot;:1,&quot;itemWidth&quot;:150},&quot;560&quot;:{&quot;minItems&quot;:2,&quot;maxItems&quot;:2,&quot;itemWidth&quot;:1},&quot;768&quot;:{&quot;minItems&quot;:3,&quot;maxItems&quot;:3,&quot;itemWidth&quot;:1},&quot;900&quot;:{&quot;minItems&quot;:4,&quot;maxItems&quot;:4,&quot;itemWidth&quot;:1},&quot;992&quot;:{&quot;minItems&quot;:4,&quot;maxItems&quot;:4,&quot;itemWidth&quot;:1}},&quot;responsiveTo&quot;:&quot;container&quot;,&quot;prevText&quot;:&quot;&lt;span&gt;&lt;i class=\\&quot;ti__angle-thin-left\\&quot;&gt;&lt;\\\/i&gt;&lt;\\\/span&gt;&quot;,&quot;nextText&quot;:&quot;&lt;span&gt;&lt;i class=\\&quot;ti__angle-thin-right\\&quot;&gt;&lt;\\\/i&gt;&lt;\\\/span&gt;&quot;}\">\r\n\t\t\t\t<ul class=\"slides\">\r\n\t\t\t\t\t\t<li>\r\n\t\t\t\t<div class=\"slide-inner\">\r\n\t\t\t\t\t\t<article class=\"post-1565 post type-post status-publish format-standard has-post-thumbnail hentry category-ciencias category-entrevista category-exactas category-ideas hentry pbs-module pbs-module-default\">\r\n\t\t\t<header class=\"entry-header pbs_e-h\">\r\n\t\t\t\t\t\t\t\t\t<div class=\"post-thumbnail pbs_e-p-t default\">\r\n\t\t\t\t\t\t<a href=\"https:\/\/ciencia.ufpr.br\/portal\/es\/cuanto-mas-ascendemos-en-la-carrera-cientifica-menos-mujeres-cientificas-encontramos-camila-silveira-da-silva\/\" aria-hidden=\"true\">\r\n\t\t\t\t\t\t<div class=\"thumb-w\"><img loading=\"lazy\" decoding=\"async\" width=\"300\" height=\"169\" src=\"https:\/\/ciencia.ufpr.br\/portal\/wp-content\/uploads\/2023\/03\/destaque.jpg\" class=\"attachment-medium size-medium wp-post-image\" alt=\"\u00abCuanto m\u00e1s ascendemos en la carrera cient\u00edfica, menos mujeres cient\u00edficas encontramos\u00bb | Camila Silveira da Silva\" title=\"\u00abCuanto m\u00e1s ascendemos en la carrera cient\u00edfica, menos mujeres cient\u00edficas encontramos\u00bb | Camila Silveira da Silva\" \/><\/div>\t\t\t\t\t\t<\/a>\r\n\r\n\t\t\t\t\t\t<span class=\"format-icon standard\"><\/span>\t\t\t\t\t\t\r\n\t\t\t\t\t\t\t\t\t\t\t<\/div>\r\n\t\t\t\t\t\t\t\t\t<h4 class=\"entry-title pbs_e-t  xs__h6 sm__h6\"><a href=\"https:\/\/ciencia.ufpr.br\/portal\/es\/cuanto-mas-ascendemos-en-la-carrera-cientifica-menos-mujeres-cientificas-encontramos-camila-silveira-da-silva\/\" rel=\"bookmark\">\u00abCuanto m\u00e1s ascendemos en la carrera cient\u00edfica, menos mujeres cient\u00edficas encontramos\u00bb | Camila Silveira da Silva<\/a><\/h4>\t\t\t\r\n\t\t\t\t\t\t\t\t<div class=\"entry-meta pbs_e-m below\">\r\n\t\t\t\t\t<span class=\"byline meta-info\">por <span class=\"author vcard\"><a class=\"url fn n\" href=\"https:\/\/ciencia.ufpr.br\/portal\/es\/author\/rodrigo-choinski\/\">Rodrigo Choinski<\/a><\/span><\/span><span class=\"posted-on meta-info\"><time class=\"entry-date published\" datetime=\"2023-03-08T20:45:08-03:00\">8 de marzo de 2023<\/time><time class=\"updated\" datetime=\"2024-01-24T20:28:54-03:00\">24 de enero de 2024<\/time><\/span>\t\t\t\t<\/div><!-- .entry-meta -->\r\n\t\t\t\t\r\n\t\t\t<\/header><!-- .entry-header -->\r\n\t\t\t\r\n\t\t\t\t\t<\/article>\r\n\t\t\t\t\t\t<\/div>\r\n\t\t\t<\/li>\r\n\t\t\t\t\t\t<li>\r\n\t\t\t\t<div class=\"slide-inner\">\r\n\t\t\t\t\t\t<article class=\"post-1578 post type-post status-publish format-standard has-post-thumbnail hentry category-ciencias category-entrevista category-humanidades category-ideas category-medioambiente hentry pbs-module pbs-module-default\">\r\n\t\t\t<header class=\"entry-header pbs_e-h\">\r\n\t\t\t\t\t\t\t\t\t<div class=\"post-thumbnail pbs_e-p-t default\">\r\n\t\t\t\t\t\t<a href=\"https:\/\/ciencia.ufpr.br\/portal\/es\/china-y-los-retos-actuales-de-la-gestion-del-agua-demian-castro\/\" aria-hidden=\"true\">\r\n\t\t\t\t\t\t<div class=\"thumb-w\"><img loading=\"lazy\" decoding=\"async\" width=\"300\" height=\"169\" src=\"https:\/\/ciencia.ufpr.br\/portal\/wp-content\/uploads\/2022\/10\/Charlotte-Pixabay-xiamen-3515964_12801.jpg\" class=\"attachment-medium size-medium wp-post-image\" alt=\"China y los retos actuales de la gesti\u00f3n del agua | Demian Castro\" title=\"China y los retos actuales de la gesti\u00f3n del agua | Demian Castro\" \/><\/div>\t\t\t\t\t\t<\/a>\r\n\r\n\t\t\t\t\t\t<span class=\"format-icon standard\"><\/span>\t\t\t\t\t\t\r\n\t\t\t\t\t\t\t\t\t\t\t<\/div>\r\n\t\t\t\t\t\t\t\t\t<h4 class=\"entry-title pbs_e-t  xs__h6 sm__h6\"><a href=\"https:\/\/ciencia.ufpr.br\/portal\/es\/china-y-los-retos-actuales-de-la-gestion-del-agua-demian-castro\/\" rel=\"bookmark\">China y los retos actuales de la gesti\u00f3n del agua | Demian Castro<\/a><\/h4>\t\t\t\r\n\t\t\t\t\t\t\t\t<div class=\"entry-meta pbs_e-m below\">\r\n\t\t\t\t\t<span class=\"byline meta-info\">por <span class=\"author vcard\"><a class=\"url fn n\" href=\"https:\/\/ciencia.ufpr.br\/portal\/es\/author\/rodrigo-choinski\/\">Rodrigo Choinski<\/a><\/span><\/span><span class=\"posted-on meta-info\"><time class=\"entry-date published\" datetime=\"2022-11-30T20:58:43-03:00\">30 de noviembre de 2022<\/time><time class=\"updated\" datetime=\"2024-01-24T20:34:53-03:00\">24 de enero de 2024<\/time><\/span>\t\t\t\t<\/div><!-- .entry-meta -->\r\n\t\t\t\t\r\n\t\t\t<\/header><!-- .entry-header -->\r\n\t\t\t\r\n\t\t\t\t\t<\/article>\r\n\t\t\t\t\t\t<\/div>\r\n\t\t\t<\/li>\r\n\t\t\t\t\t\t<li>\r\n\t\t\t\t<div class=\"slide-inner\">\r\n\t\t\t\t\t\t<article class=\"post-854 post type-post status-publish format-standard has-post-thumbnail hentry category-entrevista category-humanidades category-ideas tag-arqueologia tag-datacion tag-evolucion tag-fundacao-do-homem-americano tag-pedra-furada tag-piaui tag-serra-da-capivara tag-valle-del-zarqa hentry pbs-module pbs-module-default\">\r\n\t\t\t<header class=\"entry-header pbs_e-h\">\r\n\t\t\t\t\t\t\t\t\t<div class=\"post-thumbnail pbs_e-p-t default\">\r\n\t\t\t\t\t\t<a href=\"https:\/\/ciencia.ufpr.br\/portal\/es\/una-nueva-historia-de-la-humanidad-escrita-a-piedra-fabio-parenti\/\" aria-hidden=\"true\">\r\n\t\t\t\t\t\t<div class=\"thumb-w\"><img loading=\"lazy\" decoding=\"async\" width=\"300\" height=\"169\" src=\"https:\/\/ciencia.ufpr.br\/portal\/wp-content\/uploads\/2020\/06\/Pedra_Lascada_255-19_Foto-Cec\u00edlia-Bastos-13-2048x1152.jpg\" class=\"attachment-medium size-medium wp-post-image\" alt=\"Una nueva historia de la humanidad escrita a piedra | Fabio Parenti\" title=\"Una nueva historia de la humanidad escrita a piedra | Fabio Parenti\" \/><\/div>\t\t\t\t\t\t<\/a>\r\n\r\n\t\t\t\t\t\t<span class=\"format-icon standard\"><\/span>\t\t\t\t\t\t\r\n\t\t\t\t\t\t\t\t\t\t\t<\/div>\r\n\t\t\t\t\t\t\t\t\t<h4 class=\"entry-title pbs_e-t  xs__h6 sm__h6\"><a href=\"https:\/\/ciencia.ufpr.br\/portal\/es\/una-nueva-historia-de-la-humanidad-escrita-a-piedra-fabio-parenti\/\" rel=\"bookmark\">Una nueva historia de la humanidad escrita a piedra | Fabio Parenti<\/a><\/h4>\t\t\t\r\n\t\t\t\t\t\t\t\t<div class=\"entry-meta pbs_e-m below\">\r\n\t\t\t\t\t<span class=\"byline meta-info\">por <span class=\"author vcard\"><a class=\"url fn n\" href=\"https:\/\/ciencia.ufpr.br\/portal\/es\/author\/rodrigo-choinski\/\">Rodrigo Choinski<\/a><\/span><\/span><span class=\"posted-on meta-info\"><time class=\"entry-date published\" datetime=\"2020-06-16T18:40:19-03:00\">16 de junio de 2020<\/time><time class=\"updated\" datetime=\"2024-01-25T18:43:07-03:00\">25 de enero de 2024<\/time><\/span>\t\t\t\t<\/div><!-- .entry-meta -->\r\n\t\t\t\t\r\n\t\t\t<\/header><!-- .entry-header -->\r\n\t\t\t\r\n\t\t\t\t\t<\/article>\r\n\t\t\t\t\t\t<\/div>\r\n\t\t\t<\/li>\r\n\t\t\t\t\t\t<li>\r\n\t\t\t\t<div class=\"slide-inner\">\r\n\t\t\t\t\t\t<article class=\"post-747 post type-post status-publish format-standard has-post-thumbnail hentry category-entrevista category-humanidades category-ideas tag-descolonialidad tag-eurocentrismo tag-filosofia hentry pbs-module pbs-module-default\">\r\n\t\t\t<header class=\"entry-header pbs_e-h\">\r\n\t\t\t\t\t\t\t\t\t<div class=\"post-thumbnail pbs_e-p-t default\">\r\n\t\t\t\t\t\t<a href=\"https:\/\/ciencia.ufpr.br\/portal\/es\/la-descolonialidad-viva-en-la-filosofia-amerindia-marco-antonio-valentim\/\" aria-hidden=\"true\">\r\n\t\t\t\t\t\t<div class=\"thumb-w\"><img loading=\"lazy\" decoding=\"async\" width=\"300\" height=\"193\" src=\"https:\/\/ciencia.ufpr.br\/portal\/wp-content\/uploads\/2018\/08\/4379132862_eaa15bf944_o-1.jpg\" class=\"attachment-medium size-medium wp-post-image\" alt=\"La descolonialidad viva en la filosof\u00eda amerindia | Marco Ant\u00f4nio Valentim\" title=\"La descolonialidad viva en la filosof\u00eda amerindia | Marco Ant\u00f4nio Valentim\" \/><\/div>\t\t\t\t\t\t<\/a>\r\n\r\n\t\t\t\t\t\t<span class=\"format-icon standard\"><\/span>\t\t\t\t\t\t\r\n\t\t\t\t\t\t\t\t\t\t\t<\/div>\r\n\t\t\t\t\t\t\t\t\t<h4 class=\"entry-title pbs_e-t  xs__h6 sm__h6\"><a href=\"https:\/\/ciencia.ufpr.br\/portal\/es\/la-descolonialidad-viva-en-la-filosofia-amerindia-marco-antonio-valentim\/\" rel=\"bookmark\">La descolonialidad viva en la filosof\u00eda amerindia | Marco Ant\u00f4nio Valentim<\/a><\/h4>\t\t\t\r\n\t\t\t\t\t\t\t\t<div class=\"entry-meta pbs_e-m below\">\r\n\t\t\t\t\t<span class=\"byline meta-info\">por <span class=\"author vcard\"><a class=\"url fn n\" href=\"https:\/\/ciencia.ufpr.br\/portal\/es\/author\/camille-bropp\/\">Camille Bropp<\/a><\/span><\/span><span class=\"posted-on meta-info\"><time class=\"entry-date published\" datetime=\"2018-08-13T19:27:08-03:00\">13 de agosto de 2018<\/time><time class=\"updated\" datetime=\"2024-01-25T19:10:25-03:00\">25 de enero de 2024<\/time><\/span>\t\t\t\t<\/div><!-- .entry-meta -->\r\n\t\t\t\t\r\n\t\t\t<\/header><!-- .entry-header -->\r\n\t\t\t\r\n\t\t\t\t\t<\/article>\r\n\t\t\t\t\t\t<\/div>\r\n\t\t\t<\/li>\r\n\t\t\t\t\t\t\t<\/ul>\r\n\t\t\t<\/div>\r\n\t\t\t\r\n\t\t\t\t\t\t<\/div>\r\n\t\t\t<\/div><\/section><!--\/pbs-69f3076b35ef6-->\r\n\t\t\t[\/vc_column][\/vc_row]<\/p>\n","protected":false},"excerpt":{"rendered":"<p>[vc_row][vc_column][vc_text_separator title=\u00bb(Versi\u00f3n de Prueba &#8211; Vers\u00e3o de testes)\u00bb][\/vc_column][\/vc_row][vc_row][vc_column offset=\u00bbvc_hidden-lg vc_hidden-md\u00bb][\/vc_column][\/vc_row][vc_row full_width=\u00bbstretch_row_content\u00bb css=\u00bb.vc_custom_1627365645407{margin-top: 0px !important;margin-bottom: 20px !important;border-top-width: 0px !important;border-bottom-width: 0px !important;padding-bottom: 0px !important;}\u00bb][vc_column css=\u00bb.vc_custom_1706302599709{margin-top: 0px !important;margin-bottom: 0px !important;border-top-width: 0px !important;border-bottom-width: 0px&#8230;<\/p>\n","protected":false},"author":2801,"featured_media":0,"parent":0,"menu_order":0,"comment_status":"closed","ping_status":"closed","template":"page-templates\/fullwidth.php","meta":{"_acf_changed":false,"footnotes":""},"acf":[],"yoast_head":"<!-- This site is optimized with the Yoast SEO plugin v23.5 - https:\/\/yoast.com\/wordpress\/plugins\/seo\/ -->\n<title>Ci\u00eancia UFPR - Edici\u00f3n en espa\u00f1ol - Ci\u00eancia UFPR Edici\u00f3n en espa\u00f1ol<\/title>\n<meta name=\"robots\" content=\"index, follow, max-snippet:-1, max-image-preview:large, max-video-preview:-1\" \/>\n<link rel=\"canonical\" href=\"https:\/\/ciencia.ufpr.br\/portal\/es\/\" \/>\n<meta property=\"og:locale\" content=\"es_ES\" \/>\n<meta property=\"og:type\" content=\"article\" \/>\n<meta property=\"og:title\" content=\"Ci\u00eancia UFPR - Edici\u00f3n en espa\u00f1ol - Ci\u00eancia UFPR Edici\u00f3n en espa\u00f1ol\" \/>\n<meta property=\"og:description\" content=\"[vc_row][vc_column][vc_text_separator title=\u00bb(Versi\u00f3n de Prueba &#8211; Vers\u00e3o de testes)\u00bb][\/vc_column][\/vc_row][vc_row][vc_column offset=\u00bbvc_hidden-lg vc_hidden-md\u00bb][\/vc_column][\/vc_row][vc_row full_width=\u00bbstretch_row_content\u00bb css=\u00bb.vc_custom_1627365645407{margin-top: 0px !important;margin-bottom: 20px !important;border-top-width: 0px !important;border-bottom-width: 0px !important;padding-bottom: 0px !important;}\u00bb][vc_column css=\u00bb.vc_custom_1706302599709{margin-top: 0px !important;margin-bottom: 0px !important;border-top-width: 0px !important;border-bottom-width: 0px...\" \/>\n<meta property=\"og:url\" content=\"https:\/\/ciencia.ufpr.br\/portal\/es\/\" \/>\n<meta property=\"og:site_name\" content=\"Ci\u00eancia UFPR Edici\u00f3n en espa\u00f1ol\" \/>\n<meta property=\"article:modified_time\" content=\"2024-02-05T20:35:13+00:00\" \/>\n<meta name=\"twitter:card\" content=\"summary_large_image\" \/>\n<meta name=\"twitter:label1\" content=\"Tiempo de lectura\" \/>\n\t<meta name=\"twitter:data1\" content=\"1 minuto\" \/>\n<script type=\"application\/ld+json\" class=\"yoast-schema-graph\">{\"@context\":\"https:\/\/schema.org\",\"@graph\":[{\"@type\":\"WebPage\",\"@id\":\"https:\/\/ciencia.ufpr.br\/portal\/es\/\",\"url\":\"https:\/\/ciencia.ufpr.br\/portal\/es\/\",\"name\":\"Ci\u00eancia UFPR - Edici\u00f3n en espa\u00f1ol - Ci\u00eancia UFPR Edici\u00f3n en espa\u00f1ol\",\"isPartOf\":{\"@id\":\"https:\/\/ciencia.ufpr.br\/portal\/es\/#website\"},\"datePublished\":\"2023-01-25T21:40:41+00:00\",\"dateModified\":\"2024-02-05T20:35:13+00:00\",\"breadcrumb\":{\"@id\":\"https:\/\/ciencia.ufpr.br\/portal\/es\/#breadcrumb\"},\"inLanguage\":\"es\",\"potentialAction\":[{\"@type\":\"ReadAction\",\"target\":[\"https:\/\/ciencia.ufpr.br\/portal\/es\/\"]}]},{\"@type\":\"BreadcrumbList\",\"@id\":\"https:\/\/ciencia.ufpr.br\/portal\/es\/#breadcrumb\",\"itemListElement\":[{\"@type\":\"ListItem\",\"position\":1,\"name\":\"In\u00edcio\",\"item\":\"https:\/\/ciencia.ufpr.br\/portal\/es\/\"},{\"@type\":\"ListItem\",\"position\":2,\"name\":\"Ci\u00eancia UFPR &#8211; Edici\u00f3n en espa\u00f1ol\"}]},{\"@type\":\"WebSite\",\"@id\":\"https:\/\/ciencia.ufpr.br\/portal\/es\/#website\",\"url\":\"https:\/\/ciencia.ufpr.br\/portal\/es\/\",\"name\":\"Ci\u00eancia UFPR Edici\u00f3n en espa\u00f1ol\",\"description\":\"Portal de periodismo y divulgaci\u00f3n cient\u00edfica sobre el conocimiento producido en la Universidad Federal de Paran\u00e1 (UFPR). Basado en revista Ciencia UFPR.\",\"potentialAction\":[{\"@type\":\"SearchAction\",\"target\":{\"@type\":\"EntryPoint\",\"urlTemplate\":\"https:\/\/ciencia.ufpr.br\/portal\/es\/?s={search_term_string}\"},\"query-input\":{\"@type\":\"PropertyValueSpecification\",\"valueRequired\":true,\"valueName\":\"search_term_string\"}}],\"inLanguage\":\"es\"}]}<\/script>\n<!-- \/ Yoast SEO plugin. -->","yoast_head_json":{"title":"Ci\u00eancia UFPR - Edici\u00f3n en espa\u00f1ol - Ci\u00eancia UFPR Edici\u00f3n en espa\u00f1ol","robots":{"index":"index","follow":"follow","max-snippet":"max-snippet:-1","max-image-preview":"max-image-preview:large","max-video-preview":"max-video-preview:-1"},"canonical":"https:\/\/ciencia.ufpr.br\/portal\/es\/","og_locale":"es_ES","og_type":"article","og_title":"Ci\u00eancia UFPR - Edici\u00f3n en espa\u00f1ol - Ci\u00eancia UFPR Edici\u00f3n en espa\u00f1ol","og_description":"[vc_row][vc_column][vc_text_separator title=\u00bb(Versi\u00f3n de Prueba &#8211; Vers\u00e3o de testes)\u00bb][\/vc_column][\/vc_row][vc_row][vc_column offset=\u00bbvc_hidden-lg vc_hidden-md\u00bb][\/vc_column][\/vc_row][vc_row full_width=\u00bbstretch_row_content\u00bb css=\u00bb.vc_custom_1627365645407{margin-top: 0px !important;margin-bottom: 20px !important;border-top-width: 0px !important;border-bottom-width: 0px !important;padding-bottom: 0px !important;}\u00bb][vc_column css=\u00bb.vc_custom_1706302599709{margin-top: 0px !important;margin-bottom: 0px !important;border-top-width: 0px !important;border-bottom-width: 0px...","og_url":"https:\/\/ciencia.ufpr.br\/portal\/es\/","og_site_name":"Ci\u00eancia UFPR Edici\u00f3n en espa\u00f1ol","article_modified_time":"2024-02-05T20:35:13+00:00","twitter_card":"summary_large_image","twitter_misc":{"Tiempo de lectura":"1 minuto"},"schema":{"@context":"https:\/\/schema.org","@graph":[{"@type":"WebPage","@id":"https:\/\/ciencia.ufpr.br\/portal\/es\/","url":"https:\/\/ciencia.ufpr.br\/portal\/es\/","name":"Ci\u00eancia UFPR - Edici\u00f3n en espa\u00f1ol - Ci\u00eancia UFPR Edici\u00f3n en espa\u00f1ol","isPartOf":{"@id":"https:\/\/ciencia.ufpr.br\/portal\/es\/#website"},"datePublished":"2023-01-25T21:40:41+00:00","dateModified":"2024-02-05T20:35:13+00:00","breadcrumb":{"@id":"https:\/\/ciencia.ufpr.br\/portal\/es\/#breadcrumb"},"inLanguage":"es","potentialAction":[{"@type":"ReadAction","target":["https:\/\/ciencia.ufpr.br\/portal\/es\/"]}]},{"@type":"BreadcrumbList","@id":"https:\/\/ciencia.ufpr.br\/portal\/es\/#breadcrumb","itemListElement":[{"@type":"ListItem","position":1,"name":"In\u00edcio","item":"https:\/\/ciencia.ufpr.br\/portal\/es\/"},{"@type":"ListItem","position":2,"name":"Ci\u00eancia UFPR &#8211; Edici\u00f3n en espa\u00f1ol"}]},{"@type":"WebSite","@id":"https:\/\/ciencia.ufpr.br\/portal\/es\/#website","url":"https:\/\/ciencia.ufpr.br\/portal\/es\/","name":"Ci\u00eancia UFPR Edici\u00f3n en espa\u00f1ol","description":"Portal de periodismo y divulgaci\u00f3n cient\u00edfica sobre el conocimiento producido en la Universidad Federal de Paran\u00e1 (UFPR). Basado en revista Ciencia UFPR.","potentialAction":[{"@type":"SearchAction","target":{"@type":"EntryPoint","urlTemplate":"https:\/\/ciencia.ufpr.br\/portal\/es\/?s={search_term_string}"},"query-input":{"@type":"PropertyValueSpecification","valueRequired":true,"valueName":"search_term_string"}}],"inLanguage":"es"}]}},"jetpack_sharing_enabled":true,"amp_enabled":false,"_links":{"self":[{"href":"https:\/\/ciencia.ufpr.br\/portal\/es\/wp-json\/wp\/v2\/pages\/655"}],"collection":[{"href":"https:\/\/ciencia.ufpr.br\/portal\/es\/wp-json\/wp\/v2\/pages"}],"about":[{"href":"https:\/\/ciencia.ufpr.br\/portal\/es\/wp-json\/wp\/v2\/types\/page"}],"author":[{"embeddable":true,"href":"https:\/\/ciencia.ufpr.br\/portal\/es\/wp-json\/wp\/v2\/users\/2801"}],"replies":[{"embeddable":true,"href":"https:\/\/ciencia.ufpr.br\/portal\/es\/wp-json\/wp\/v2\/comments?post=655"}],"version-history":[{"count":217,"href":"https:\/\/ciencia.ufpr.br\/portal\/es\/wp-json\/wp\/v2\/pages\/655\/revisions"}],"predecessor-version":[{"id":1663,"href":"https:\/\/ciencia.ufpr.br\/portal\/es\/wp-json\/wp\/v2\/pages\/655\/revisions\/1663"}],"wp:attachment":[{"href":"https:\/\/ciencia.ufpr.br\/portal\/es\/wp-json\/wp\/v2\/media?parent=655"}],"curies":[{"name":"wp","href":"https:\/\/api.w.org\/{rel}","templated":true}]}}